{"id":2972,"date":"2024-06-21T16:37:15","date_gmt":"2024-06-21T14:37:15","guid":{"rendered":"https:\/\/www.francebikerentals.com\/presse-et-medias\/"},"modified":"2024-10-08T11:47:17","modified_gmt":"2024-10-08T09:47:17","slug":"presse-et-medias","status":"publish","type":"page","link":"https:\/\/www.francebikerentals.com\/fr\/a-propos\/presse-et-medias\/","title":{"rendered":"Presse et m\u00e9dias"},"content":{"rendered":"\t\t<div data-elementor-type=\"wp-page\" data-elementor-id=\"2972\" class=\"elementor elementor-2972 elementor-639\" data-elementor-settings=\"{&quot;ha_cmc_init_switcher&quot;:&quot;no&quot;}\" data-elementor-post-type=\"page\">\n\t\t\t\t<div class=\"elementor-element elementor-element-ca71083 e-flex e-con-boxed e-con e-parent\" data-id=\"ca71083\" data-element_type=\"container\" data-e-type=\"container\" data-settings=\"{&quot;jet_parallax_layout_list&quot;:[],&quot;_ha_eqh_enable&quot;:false}\">\n\t\t\t\t\t<div class=\"e-con-inner\">\n\t\t\t\t<div class=\"elementor-element elementor-element-d0189df elementor-widget elementor-widget-menu-anchor\" data-id=\"d0189df\" data-element_type=\"widget\" data-e-type=\"widget\" data-widget_type=\"menu-anchor.default\">\n\t\t\t\t\t\t\t<div class=\"elementor-menu-anchor\" id=\"contenu\"><\/div>\n\t\t\t\t\t\t<\/div>\n\t\t<div class=\"elementor-element elementor-element-460f38b e-con-full e-flex e-con e-child\" data-id=\"460f38b\" data-element_type=\"container\" data-e-type=\"container\" data-settings=\"{&quot;jet_parallax_layout_list&quot;:[],&quot;_ha_eqh_enable&quot;:false}\">\n\t\t<div class=\"elementor-element elementor-element-495f91d e-con-full e-flex e-con e-child\" data-id=\"495f91d\" data-element_type=\"container\" data-e-type=\"container\" data-settings=\"{&quot;jet_parallax_layout_list&quot;:[],&quot;_ha_eqh_enable&quot;:false}\">\n\t\t\t\t<div class=\"elementor-element elementor-element-df3b2da elementor-widget elementor-widget-text-editor\" data-id=\"df3b2da\" data-element_type=\"widget\" data-e-type=\"widget\" data-widget_type=\"text-editor.default\">\n\t\t\t\t\t\t\t\t\t<p>Des informations utiles sur notre entreprise seront disponibles ici. <\/p>\n<p>Nous avons d\u00e9j\u00e0 r\u00e9sum\u00e9 <a href=\"https:\/\/www.francebikerentals.com\/fr\/a-propos\/notre-histoire\/\" target=\"_blank\" rel=\"noopener\">notre histoire<\/a> pour vous. <\/p>\n<p>Pour plus de renseignements, veuillez contacter notre \u00e9quipe \u00e0 <strong>info@francebikerentals.com<\/strong>.<\/p>\n<\/p>\n<\/p><\/p>\n\t\t\t\t\t\t\t\t<\/div>\n\t\t\t\t<\/div>\n\t\t<div data-dce-background-image-url=\"https:\/\/www.francebikerentals.com\/wp-content\/uploads\/2024\/07\/FBR_press_media.jpg\" class=\"elementor-element elementor-element-d232dc8 e-con-full e-flex e-con e-child\" data-id=\"d232dc8\" data-element_type=\"container\" data-e-type=\"container\" data-settings=\"{&quot;background_background&quot;:&quot;classic&quot;,&quot;jet_parallax_layout_list&quot;:[],&quot;_ha_eqh_enable&quot;:false}\">\n\t\t\t\t<div class=\"elementor-element elementor-element-48ebe28 elementor-widget elementor-widget-spacer\" data-id=\"48ebe28\" data-element_type=\"widget\" data-e-type=\"widget\" data-widget_type=\"spacer.default\">\n\t\t\t\t\t\t\t<div class=\"elementor-spacer\">\n\t\t\t<div class=\"elementor-spacer-inner\"><\/div>\n\t\t<\/div>\n\t\t\t\t\t\t<\/div>\n\t\t\t\t<\/div>\n\t\t\t\t<\/div>\n\t\t\t\t\t<\/div>\n\t\t\t\t<\/div>\n\t\t\t\t<\/div>\n\t\t","protected":false},"excerpt":{"rendered":"<p>Des informations utiles sur notre entreprise seront disponibles ici. Nous avons d\u00e9j\u00e0 r\u00e9sum\u00e9 notre histoire pour vous. Pour plus de renseignements, veuillez contacter notre \u00e9quipe \u00e0 info@francebikerentals.com.<\/p>\n","protected":false},"author":1,"featured_media":0,"parent":3170,"menu_order":0,"comment_status":"closed","ping_status":"closed","template":"","meta":{"footnotes":""},"class_list":["post-2972","page","type-page","status-publish","hentry"],"yoast_head":"<!-- This site is optimized with the Yoast SEO Premium plugin v22.9 (Yoast SEO v27.5) - https:\/\/yoast.com\/product\/yoast-seo-premium-wordpress\/ -->\n<title>Presse et m\u00e9dias - France Bike Rental<\/title>\n<meta name=\"description\" content=\"Des informations utiles sur notre entreprise seront disponibles ici. Nous avons d\u00e9j\u00e0 r\u00e9sum\u00e9 notre histoire pour vous. Pour plus de renseignements,\" \/>\n<meta name=\"robots\" content=\"index, follow, max-snippet:-1, max-image-preview:large, max-video-preview:-1\" \/>\n<link rel=\"canonical\" href=\"https:\/\/www.francebikerentals.com\/fr\/a-propos\/presse-et-medias\/\" \/>\n<meta property=\"og:locale\" content=\"fr_FR\" \/>\n<meta property=\"og:type\" content=\"article\" \/>\n<meta property=\"og:title\" content=\"Presse et m\u00e9dias\" \/>\n<meta property=\"og:description\" content=\"Des informations utiles sur notre entreprise seront disponibles ici. Nous avons d\u00e9j\u00e0 r\u00e9sum\u00e9 notre histoire pour vous. Pour plus de renseignements,\" \/>\n<meta property=\"og:url\" content=\"https:\/\/www.francebikerentals.com\/fr\/a-propos\/presse-et-medias\/\" \/>\n<meta property=\"og:site_name\" content=\"France Bike Rental\" \/>\n<meta property=\"article:modified_time\" content=\"2024-10-08T09:47:17+00:00\" \/>\n<meta name=\"twitter:card\" content=\"summary_large_image\" \/>\n<script type=\"application\/ld+json\" class=\"yoast-schema-graph\">{\"@context\":\"https:\\\/\\\/schema.org\",\"@graph\":[{\"@type\":\"WebPage\",\"@id\":\"https:\\\/\\\/www.francebikerentals.com\\\/fr\\\/a-propos\\\/presse-et-medias\\\/\",\"url\":\"https:\\\/\\\/www.francebikerentals.com\\\/fr\\\/a-propos\\\/presse-et-medias\\\/\",\"name\":\"Presse et m\u00e9dias - France Bike Rental\",\"isPartOf\":{\"@id\":\"https:\\\/\\\/www.francebikerentals.com\\\/#website\"},\"datePublished\":\"2024-06-21T14:37:15+00:00\",\"dateModified\":\"2024-10-08T09:47:17+00:00\",\"description\":\"Des informations utiles sur notre entreprise seront disponibles ici. Nous avons d\u00e9j\u00e0 r\u00e9sum\u00e9 notre histoire pour vous. Pour plus de renseignements,\",\"breadcrumb\":{\"@id\":\"https:\\\/\\\/www.francebikerentals.com\\\/fr\\\/a-propos\\\/presse-et-medias\\\/#breadcrumb\"},\"inLanguage\":\"fr-FR\",\"potentialAction\":[{\"@type\":\"ReadAction\",\"target\":[\"https:\\\/\\\/www.francebikerentals.com\\\/fr\\\/a-propos\\\/presse-et-medias\\\/\"]}]},{\"@type\":\"BreadcrumbList\",\"@id\":\"https:\\\/\\\/www.francebikerentals.com\\\/fr\\\/a-propos\\\/presse-et-medias\\\/#breadcrumb\",\"itemListElement\":[{\"@type\":\"ListItem\",\"position\":1,\"name\":\"Accueil\",\"item\":\"https:\\\/\\\/www.francebikerentals.com\\\/\"},{\"@type\":\"ListItem\",\"position\":2,\"name\":\"\u00c0 propos\",\"item\":\"https:\\\/\\\/www.francebikerentals.com\\\/fr\\\/a-propos\\\/\"},{\"@type\":\"ListItem\",\"position\":3,\"name\":\"Presse et m\u00e9dias\"}]},{\"@type\":\"WebSite\",\"@id\":\"https:\\\/\\\/www.francebikerentals.com\\\/#website\",\"url\":\"https:\\\/\\\/www.francebikerentals.com\\\/\",\"name\":\"France Bike Rental\",\"description\":\"Your bike rental company\",\"publisher\":{\"@id\":\"https:\\\/\\\/www.francebikerentals.com\\\/#organization\"},\"potentialAction\":[{\"@type\":\"SearchAction\",\"target\":{\"@type\":\"EntryPoint\",\"urlTemplate\":\"https:\\\/\\\/www.francebikerentals.com\\\/?s={search_term_string}\"},\"query-input\":{\"@type\":\"PropertyValueSpecification\",\"valueRequired\":true,\"valueName\":\"search_term_string\"}}],\"inLanguage\":\"fr-FR\"},{\"@type\":\"Organization\",\"@id\":\"https:\\\/\\\/www.francebikerentals.com\\\/#organization\",\"name\":\"France Bike Rentals\",\"url\":\"https:\\\/\\\/www.francebikerentals.com\\\/\",\"logo\":{\"@type\":\"ImageObject\",\"inLanguage\":\"fr-FR\",\"@id\":\"https:\\\/\\\/www.francebikerentals.com\\\/#\\\/schema\\\/logo\\\/image\\\/\",\"url\":\"https:\\\/\\\/www.francebikerentals.com\\\/wp-content\\\/uploads\\\/2024\\\/07\\\/cropped-FBR_icon_512x512px.png\",\"contentUrl\":\"https:\\\/\\\/www.francebikerentals.com\\\/wp-content\\\/uploads\\\/2024\\\/07\\\/cropped-FBR_icon_512x512px.png\",\"width\":512,\"height\":512,\"caption\":\"France Bike Rentals\"},\"image\":{\"@id\":\"https:\\\/\\\/www.francebikerentals.com\\\/#\\\/schema\\\/logo\\\/image\\\/\"}}]}<\/script>\n<!-- \/ Yoast SEO Premium plugin. -->","yoast_head_json":{"title":"Presse et m\u00e9dias - France Bike Rental","description":"Des informations utiles sur notre entreprise seront disponibles ici. Nous avons d\u00e9j\u00e0 r\u00e9sum\u00e9 notre histoire pour vous. Pour plus de renseignements,","robots":{"index":"index","follow":"follow","max-snippet":"max-snippet:-1","max-image-preview":"max-image-preview:large","max-video-preview":"max-video-preview:-1"},"canonical":"https:\/\/www.francebikerentals.com\/fr\/a-propos\/presse-et-medias\/","og_locale":"fr_FR","og_type":"article","og_title":"Presse et m\u00e9dias","og_description":"Des informations utiles sur notre entreprise seront disponibles ici. Nous avons d\u00e9j\u00e0 r\u00e9sum\u00e9 notre histoire pour vous. Pour plus de renseignements,","og_url":"https:\/\/www.francebikerentals.com\/fr\/a-propos\/presse-et-medias\/","og_site_name":"France Bike Rental","article_modified_time":"2024-10-08T09:47:17+00:00","twitter_card":"summary_large_image","schema":{"@context":"https:\/\/schema.org","@graph":[{"@type":"WebPage","@id":"https:\/\/www.francebikerentals.com\/fr\/a-propos\/presse-et-medias\/","url":"https:\/\/www.francebikerentals.com\/fr\/a-propos\/presse-et-medias\/","name":"Presse et m\u00e9dias - France Bike Rental","isPartOf":{"@id":"https:\/\/www.francebikerentals.com\/#website"},"datePublished":"2024-06-21T14:37:15+00:00","dateModified":"2024-10-08T09:47:17+00:00","description":"Des informations utiles sur notre entreprise seront disponibles ici. Nous avons d\u00e9j\u00e0 r\u00e9sum\u00e9 notre histoire pour vous. Pour plus de renseignements,","breadcrumb":{"@id":"https:\/\/www.francebikerentals.com\/fr\/a-propos\/presse-et-medias\/#breadcrumb"},"inLanguage":"fr-FR","potentialAction":[{"@type":"ReadAction","target":["https:\/\/www.francebikerentals.com\/fr\/a-propos\/presse-et-medias\/"]}]},{"@type":"BreadcrumbList","@id":"https:\/\/www.francebikerentals.com\/fr\/a-propos\/presse-et-medias\/#breadcrumb","itemListElement":[{"@type":"ListItem","position":1,"name":"Accueil","item":"https:\/\/www.francebikerentals.com\/"},{"@type":"ListItem","position":2,"name":"\u00c0 propos","item":"https:\/\/www.francebikerentals.com\/fr\/a-propos\/"},{"@type":"ListItem","position":3,"name":"Presse et m\u00e9dias"}]},{"@type":"WebSite","@id":"https:\/\/www.francebikerentals.com\/#website","url":"https:\/\/www.francebikerentals.com\/","name":"France Bike Rental","description":"Your bike rental company","publisher":{"@id":"https:\/\/www.francebikerentals.com\/#organization"},"potentialAction":[{"@type":"SearchAction","target":{"@type":"EntryPoint","urlTemplate":"https:\/\/www.francebikerentals.com\/?s={search_term_string}"},"query-input":{"@type":"PropertyValueSpecification","valueRequired":true,"valueName":"search_term_string"}}],"inLanguage":"fr-FR"},{"@type":"Organization","@id":"https:\/\/www.francebikerentals.com\/#organization","name":"France Bike Rentals","url":"https:\/\/www.francebikerentals.com\/","logo":{"@type":"ImageObject","inLanguage":"fr-FR","@id":"https:\/\/www.francebikerentals.com\/#\/schema\/logo\/image\/","url":"https:\/\/www.francebikerentals.com\/wp-content\/uploads\/2024\/07\/cropped-FBR_icon_512x512px.png","contentUrl":"https:\/\/www.francebikerentals.com\/wp-content\/uploads\/2024\/07\/cropped-FBR_icon_512x512px.png","width":512,"height":512,"caption":"France Bike Rentals"},"image":{"@id":"https:\/\/www.francebikerentals.com\/#\/schema\/logo\/image\/"}}]}},"_links":{"self":[{"href":"https:\/\/www.francebikerentals.com\/fr\/wp-json\/wp\/v2\/pages\/2972","targetHints":{"allow":["GET"]}}],"collection":[{"href":"https:\/\/www.francebikerentals.com\/fr\/wp-json\/wp\/v2\/pages"}],"about":[{"href":"https:\/\/www.francebikerentals.com\/fr\/wp-json\/wp\/v2\/types\/page"}],"author":[{"embeddable":true,"href":"https:\/\/www.francebikerentals.com\/fr\/wp-json\/wp\/v2\/users\/1"}],"replies":[{"embeddable":true,"href":"https:\/\/www.francebikerentals.com\/fr\/wp-json\/wp\/v2\/comments?post=2972"}],"version-history":[{"count":0,"href":"https:\/\/www.francebikerentals.com\/fr\/wp-json\/wp\/v2\/pages\/2972\/revisions"}],"up":[{"embeddable":true,"href":"https:\/\/www.francebikerentals.com\/fr\/wp-json\/wp\/v2\/pages\/3170"}],"wp:attachment":[{"href":"https:\/\/www.francebikerentals.com\/fr\/wp-json\/wp\/v2\/media?parent=2972"}],"curies":[{"name":"wp","href":"https:\/\/api.w.org\/{rel}","templated":true}]}}