{"id":2997,"date":"2024-06-10T16:19:39","date_gmt":"2024-06-10T14:19:39","guid":{"rendered":"https:\/\/www.francebikerentals.com\/quel-velo-choisir\/"},"modified":"2026-01-28T17:09:30","modified_gmt":"2026-01-28T16:09:30","slug":"quel-velo-choisir","status":"publish","type":"page","link":"https:\/\/www.francebikerentals.com\/fr\/quel-velo-choisir\/","title":{"rendered":"Quel v\u00e9lo choisir?"},"content":{"rendered":"\t\t<div data-elementor-type=\"wp-page\" data-elementor-id=\"2997\" class=\"elementor elementor-2997 elementor-175\" data-elementor-settings=\"{&quot;ha_cmc_init_switcher&quot;:&quot;no&quot;}\" data-elementor-post-type=\"page\">\n\t\t\t\t<div class=\"elementor-element elementor-element-900b415 e-flex e-con-boxed e-con e-parent\" data-id=\"900b415\" data-element_type=\"container\" data-e-type=\"container\" data-settings=\"{&quot;jet_parallax_layout_list&quot;:[],&quot;_ha_eqh_enable&quot;:false}\">\n\t\t\t\t\t<div class=\"e-con-inner\">\n\t\t\t\t<div class=\"elementor-element elementor-element-e4ec148 elementor-widget elementor-widget-menu-anchor\" data-id=\"e4ec148\" data-element_type=\"widget\" data-e-type=\"widget\" data-widget_type=\"menu-anchor.default\">\n\t\t\t\t\t\t\t<div class=\"elementor-menu-anchor\" id=\"contenu\"><\/div>\n\t\t\t\t\t\t<\/div>\n\t\t\t\t<div class=\"elementor-element elementor-element-2e663c7 elementor-widget elementor-widget-text-editor\" data-id=\"2e663c7\" data-element_type=\"widget\" data-e-type=\"widget\" data-widget_type=\"text-editor.default\">\n\t\t\t\t\t\t\t\t\t<p>Vous avez d\u00e9cid\u00e9 de vous <strong>concentrer enti\u00e8rement sur la pratique du cyclisme<\/strong> ou, en cas d&rsquo;\u00e9v\u00e9nement cycliste, sur la comp\u00e9tition et de laisser le reste \u00e0 nous, les sp\u00e9cialistes de la location de v\u00e9los ? Une bonne d\u00e9cision ! Vous n&rsquo;avez pas besoin de voyager avec votre v\u00e9lo, ce qui <strong>\u00e9limine les co\u00fbts et les risques de transport<\/strong>, et vous b\u00e9n\u00e9ficiez d&rsquo;un v\u00e9lo haut de gamme, <strong>entretenu et ajust\u00e9 pour vous.<\/strong>  <\/p>\n<p>Lorsque l&rsquo;on loue un v\u00e9lo, les principales craintes sont de ne pas se sentir parfaitement \u00e0 l\u2019aise sur une machine qu\u2019on ne conna\u00eet pas et de se retrouver sur un mod\u00e8le peu performant. Avec France Bike Rentals, ces appr\u00e9hensions sont vite oubli\u00e9es : ce sont <strong>uniquement des v\u00e9los haut de gamme et de derni\u00e8re g\u00e9n\u00e9ration<\/strong> qui sont propos\u00e9s et <strong>tous les param\u00e8tres peuvent \u00eatre personnalis\u00e9s.<\/strong> <\/p>\n<p>Voici quelques conseils pour faire votre choix :<\/p>\n\t\t\t\t\t\t\t\t<\/div>\n\t\t<div class=\"elementor-element elementor-element-eeb217b e-con-full e-flex e-con e-child\" data-id=\"eeb217b\" data-element_type=\"container\" data-e-type=\"container\" data-settings=\"{&quot;jet_parallax_layout_list&quot;:[],&quot;_ha_eqh_enable&quot;:false}\">\n\t\t\t\t<\/div>\n\t\t\t\t<div class=\"elementor-element elementor-element-24804bb titlered elementor-widget elementor-widget-heading\" data-id=\"24804bb\" data-element_type=\"widget\" data-e-type=\"widget\" data-widget_type=\"heading.default\">\n\t\t\t\t\t<h2 class=\"elementor-heading-title elementor-size-default\"><img decoding=\"async\" src=\"https:\/\/www.francebikerentals.com\/wp-content\/uploads\/2024\/07\/traitrouge2.png\">Comp\u00e9tition<\/h2>\t\t\t\t<\/div>\n\t\t\t\t\t<\/div>\n\t\t\t\t<\/div>\n\t\t<div class=\"elementor-element elementor-element-15d3581 e-flex e-con-boxed e-con e-parent\" data-id=\"15d3581\" data-element_type=\"container\" data-e-type=\"container\" data-settings=\"{&quot;jet_parallax_layout_list&quot;:[],&quot;_ha_eqh_enable&quot;:false}\">\n\t\t\t\t\t<div class=\"e-con-inner\">\n\t\t<div class=\"elementor-element elementor-element-e3ac000 e-con-full e-flex e-con e-child\" data-id=\"e3ac000\" data-element_type=\"container\" data-e-type=\"container\" data-settings=\"{&quot;jet_parallax_layout_list&quot;:[],&quot;_ha_eqh_enable&quot;:false}\">\n\t\t\t\t<div class=\"elementor-element elementor-element-c2c41b7 elementor-widget elementor-widget-image\" data-id=\"c2c41b7\" data-element_type=\"widget\" data-e-type=\"widget\" data-widget_type=\"image.default\">\n\t\t\t\t\t\t\t\t\t\t\t\t\t\t\t<img fetchpriority=\"high\" decoding=\"async\" width=\"460\" height=\"460\" src=\"https:\/\/www.francebikerentals.com\/wp-content\/uploads\/2024\/07\/FBR_which_bike_competition.jpg\" class=\"attachment-large size-large wp-image-2044\" alt=\"FBR bike choice competition\" srcset=\"https:\/\/www.francebikerentals.com\/wp-content\/uploads\/2024\/07\/FBR_which_bike_competition.jpg 460w, https:\/\/www.francebikerentals.com\/wp-content\/uploads\/2024\/07\/FBR_which_bike_competition-300x300.jpg 300w, https:\/\/www.francebikerentals.com\/wp-content\/uploads\/2024\/07\/FBR_which_bike_competition-150x150.jpg 150w\" sizes=\"(max-width: 460px) 100vw, 460px\" \/>\t\t\t\t\t\t\t\t\t\t\t\t\t\t\t<\/div>\n\t\t\t\t<\/div>\n\t\t<div class=\"elementor-element elementor-element-5ad3df5 e-con-full e-flex e-con e-child\" data-id=\"5ad3df5\" data-element_type=\"container\" data-e-type=\"container\" data-settings=\"{&quot;jet_parallax_layout_list&quot;:[],&quot;_ha_eqh_enable&quot;:false}\">\n\t\t\t\t<div class=\"elementor-element elementor-element-bb67582 elementor-widget elementor-widget-text-editor\" data-id=\"bb67582\" data-element_type=\"widget\" data-e-type=\"widget\" data-widget_type=\"text-editor.default\">\n\t\t\t\t\t\t\t\t\t<p><b>Vous cherchez un v\u00e9lo pour un \u00e9v\u00e9nement cycliste sp\u00e9cifique ?<br \/><\/b>France Bike Rentals (FBR) est partenaire des \u00e9v\u00e9nements IRONMAN Europe et de la s\u00e9rie Haute Route depuis de nombreuses ann\u00e9es. Vous trouverez ici notre aper\u00e7u complet des \u00e9v\u00e9nements. <\/p>\n<p><b>Quel est le profil du parcours ?<br \/><\/b>L\u2019un des grands avantages de la location de v\u00e9lo est de pouvoir choisir le mod\u00e8le le plus adapt\u00e9 \u00e0 votre \u00e9preuve. Pour les <strong>parcours majoritairement plats<\/strong>, un <strong>v\u00e9lo de route a\u00e9rodynamique ou un v\u00e9lo de triathlon<\/strong> est id\u00e9al afin de maximiser la vitesse et le rendement. Pour les <strong>courses vallonn\u00e9es<\/strong>, un <strong>v\u00e9lo de route polyvalent et l\u00e9ger<\/strong> offre un excellent compromis entre performance et confort. Enfin, pour les <strong>\u00e9preuves en montagne<\/strong> avec de longues ascensions, un <strong>v\u00e9lo de grimpe l\u00e9ger et r\u00e9actif<\/strong> vous aidera \u00e0 g\u00e9rer le d\u00e9nivel\u00e9 en toute confiance. D\u00e9couvrez tous nos <span style=\"text-decoration: underline;\"><a target=\"_blank\" href=\"https:\/\/www.francebikerentals.com\/fr\/categories-de-velos\/route\/\" rel=\"noopener\">v\u00e9los de route<\/a><\/span>.<\/p>\n<p><strong>Vous participez \u00e0 un triathlon ?<\/strong><br \/>Le facteur le plus important reste de rouler sur un v\u00e9lo avec lequel vous vous sentez \u00e0 l\u2019aise et en confiance. Si vous \u00eates un triathl\u00e8te exp\u00e9riment\u00e9, un v\u00e9lo de triathlon d\u00e9di\u00e9 comme le <span style=\"text-decoration: underline;\"><a target=\"_blank\" href=\"https:\/\/www.francebikerentals.com\/fr\/bikes\/velo-de-triathlon-scott-foil-rc-tri\/\" rel=\"noopener\">Scott Foil RC Tri<\/a><\/span> ou le <a target=\"_blank\" href=\"https:\/\/www.francebikerentals.com\/fr\/bikes\/velo-de-triathlon-trek-speed-concept-slr-7\/\" rel=\"noopener\"><span style=\"text-decoration: underline;\">Trek Speed Concept<\/span><\/a> est le meilleur choix pour une a\u00e9rodynamique optimale et une efficacit\u00e9 maximale le jour de la course. Il est \u00e9galement possible de r\u00e9server un v\u00e9lo rapide comme le <span style=\"text-decoration: underline;\"><a href=\"https:\/\/www.francebikerentals.com\/fr\/bikes\/velo-de-triathlon-scott-foil-rc-20\/\">Scott Foil RC 20<\/a><\/span> et de faire monter des prolongateurs de triathlon (Tri-bars). D\u00e9couvrez notre s\u00e9lection de <span style=\"text-decoration: underline;\"><a target=\"_blank\" href=\"https:\/\/www.francebikerentals.com\/fr\/categories-de-velos\/triathlon-fr\/\" rel=\"noopener\">v\u00e9los de triathlon<\/a><\/span>.<\/p>\n\t\t\t\t\t\t\t\t<\/div>\n\t\t\t\t<\/div>\n\t\t\t\t\t<\/div>\n\t\t\t\t<\/div>\n\t\t<div class=\"elementor-element elementor-element-a8d02b0 e-flex e-con-boxed e-con e-parent\" data-id=\"a8d02b0\" data-element_type=\"container\" data-e-type=\"container\" data-settings=\"{&quot;jet_parallax_layout_list&quot;:[],&quot;_ha_eqh_enable&quot;:false}\">\n\t\t\t\t\t<div class=\"e-con-inner\">\n\t\t<div class=\"elementor-element elementor-element-361eec7 e-con-full e-flex e-con e-child\" data-id=\"361eec7\" data-element_type=\"container\" data-e-type=\"container\" data-settings=\"{&quot;jet_parallax_layout_list&quot;:[],&quot;_ha_eqh_enable&quot;:false}\">\n\t\t\t\t<div class=\"elementor-element elementor-element-820449b elementor-widget elementor-widget-text-editor\" data-id=\"820449b\" data-element_type=\"widget\" data-e-type=\"widget\" data-widget_type=\"text-editor.default\">\n\t\t\t\t\t\t\t\t\t<p><b>Quels composants apportez-vous vous-m\u00eame ?<br \/><\/b>Vous devrez apporter vos chaussures, votre compteur et, de pr\u00e9f\u00e9rence, vos p\u00e9dales et votre casque, m\u00eame s\u2019ils peuvent \u00eatre lou\u00e9s eux aussi.<\/p>\n\t\t\t\t\t\t\t\t<\/div>\n\t\t<div class=\"elementor-element elementor-element-e1033c4 e-con-full e-flex e-con e-child\" data-id=\"e1033c4\" data-element_type=\"container\" data-e-type=\"container\" data-settings=\"{&quot;jet_parallax_layout_list&quot;:[],&quot;_ha_eqh_enable&quot;:false}\">\n\t\t\t\t<\/div>\n\t\t\t\t<div class=\"elementor-element elementor-element-e8eea71 titlered elementor-widget elementor-widget-heading\" data-id=\"e8eea71\" data-element_type=\"widget\" data-e-type=\"widget\" data-widget_type=\"heading.default\">\n\t\t\t\t\t<h2 class=\"elementor-heading-title elementor-size-default\"><img decoding=\"async\" src=\"https:\/\/www.francebikerentals.com\/wp-content\/uploads\/2024\/07\/traitrouge2.png\">Loisir<\/h2>\t\t\t\t<\/div>\n\t\t\t\t<\/div>\n\t\t\t\t\t<\/div>\n\t\t\t\t<\/div>\n\t\t<div class=\"elementor-element elementor-element-82cb11e e-flex e-con-boxed e-con e-parent\" data-id=\"82cb11e\" data-element_type=\"container\" data-e-type=\"container\" data-settings=\"{&quot;jet_parallax_layout_list&quot;:[],&quot;_ha_eqh_enable&quot;:false}\">\n\t\t\t\t\t<div class=\"e-con-inner\">\n\t\t<div class=\"elementor-element elementor-element-3ee6b6f e-con-full e-flex e-con e-child\" data-id=\"3ee6b6f\" data-element_type=\"container\" data-e-type=\"container\" data-settings=\"{&quot;jet_parallax_layout_list&quot;:[],&quot;_ha_eqh_enable&quot;:false}\">\n\t\t\t\t<div class=\"elementor-element elementor-element-86f310c elementor-widget elementor-widget-text-editor\" data-id=\"86f310c\" data-element_type=\"widget\" data-e-type=\"widget\" data-widget_type=\"text-editor.default\">\n\t\t\t\t\t\t\t\t\t<p><b>Vous souhaitez louer un v\u00e9lo sans participer \u00e0 une comp\u00e9tition ?<br \/><\/b>Sur notre page de <a href=\"https:\/\/www.francebikerentals.com\/fr\/location-de-velos\/\" target=\"_blank\" rel=\"noopener\"><span style=\"text-decoration: underline;\">Location de V\u00e9lo<\/span><\/a> vous trouverez tous nos v\u00e9los de location class\u00e9s par type.<\/p>\n\t\t\t\t\t\t\t\t<\/div>\n\t\t\t\t<\/div>\n\t\t<div class=\"elementor-element elementor-element-c0959b4 e-con-full e-flex e-con e-child\" data-id=\"c0959b4\" data-element_type=\"container\" data-e-type=\"container\" data-settings=\"{&quot;jet_parallax_layout_list&quot;:[],&quot;_ha_eqh_enable&quot;:false}\">\n\t\t\t\t<div class=\"elementor-element elementor-element-2eaca49 elementor-widget elementor-widget-image\" data-id=\"2eaca49\" data-element_type=\"widget\" data-e-type=\"widget\" data-widget_type=\"image.default\">\n\t\t\t\t\t\t\t\t\t\t\t\t\t\t\t<img decoding=\"async\" width=\"460\" height=\"460\" src=\"https:\/\/www.francebikerentals.com\/wp-content\/uploads\/2024\/07\/FBR_which_bike_loisir.jpg\" class=\"attachment-large size-large wp-image-2046\" alt=\"FBR bike choice leisure\" srcset=\"https:\/\/www.francebikerentals.com\/wp-content\/uploads\/2024\/07\/FBR_which_bike_loisir.jpg 460w, https:\/\/www.francebikerentals.com\/wp-content\/uploads\/2024\/07\/FBR_which_bike_loisir-300x300.jpg 300w, https:\/\/www.francebikerentals.com\/wp-content\/uploads\/2024\/07\/FBR_which_bike_loisir-150x150.jpg 150w\" sizes=\"(max-width: 460px) 100vw, 460px\" \/>\t\t\t\t\t\t\t\t\t\t\t\t\t\t\t<\/div>\n\t\t\t\t<\/div>\n\t\t\t\t\t<\/div>\n\t\t\t\t<\/div>\n\t\t\t\t<\/div>\n\t\t","protected":false},"excerpt":{"rendered":"<p>Ceci<\/p>\n","protected":false},"author":1,"featured_media":0,"parent":0,"menu_order":0,"comment_status":"closed","ping_status":"closed","template":"","meta":{"footnotes":""},"class_list":["post-2997","page","type-page","status-publish","hentry"],"yoast_head":"<!-- This site is optimized with the Yoast SEO Premium plugin v22.9 (Yoast SEO v27.5) - https:\/\/yoast.com\/product\/yoast-seo-premium-wordpress\/ -->\n<title>Quel v\u00e9lo choisir? - France Bike Rental<\/title>\n<meta name=\"description\" content=\"Ceci\" \/>\n<meta name=\"robots\" content=\"index, follow, max-snippet:-1, max-image-preview:large, max-video-preview:-1\" \/>\n<link rel=\"canonical\" href=\"https:\/\/www.francebikerentals.com\/fr\/quel-velo-choisir\/\" \/>\n<meta property=\"og:locale\" content=\"fr_FR\" \/>\n<meta property=\"og:type\" content=\"article\" \/>\n<meta property=\"og:title\" content=\"Quel v\u00e9lo choisir?\" \/>\n<meta property=\"og:description\" content=\"Ceci\" \/>\n<meta property=\"og:url\" content=\"https:\/\/www.francebikerentals.com\/fr\/quel-velo-choisir\/\" \/>\n<meta property=\"og:site_name\" content=\"France Bike Rental\" \/>\n<meta property=\"article:modified_time\" content=\"2026-01-28T16:09:30+00:00\" \/>\n<meta property=\"og:image\" content=\"https:\/\/www.francebikerentals.com\/wp-content\/uploads\/2024\/07\/traitrouge2.png\" \/>\n<meta name=\"twitter:card\" content=\"summary_large_image\" \/>\n<meta name=\"twitter:label1\" content=\"Dur\u00e9e de lecture estim\u00e9e\" \/>\n\t<meta name=\"twitter:data1\" content=\"3 minutes\" \/>\n<script type=\"application\/ld+json\" class=\"yoast-schema-graph\">{\"@context\":\"https:\\\/\\\/schema.org\",\"@graph\":[{\"@type\":\"WebPage\",\"@id\":\"https:\\\/\\\/www.francebikerentals.com\\\/fr\\\/quel-velo-choisir\\\/\",\"url\":\"https:\\\/\\\/www.francebikerentals.com\\\/fr\\\/quel-velo-choisir\\\/\",\"name\":\"Quel v\u00e9lo choisir? - France Bike Rental\",\"isPartOf\":{\"@id\":\"https:\\\/\\\/www.francebikerentals.com\\\/#website\"},\"primaryImageOfPage\":{\"@id\":\"https:\\\/\\\/www.francebikerentals.com\\\/fr\\\/quel-velo-choisir\\\/#primaryimage\"},\"image\":{\"@id\":\"https:\\\/\\\/www.francebikerentals.com\\\/fr\\\/quel-velo-choisir\\\/#primaryimage\"},\"thumbnailUrl\":\"https:\\\/\\\/www.francebikerentals.com\\\/wp-content\\\/uploads\\\/2024\\\/07\\\/traitrouge2.png\",\"datePublished\":\"2024-06-10T14:19:39+00:00\",\"dateModified\":\"2026-01-28T16:09:30+00:00\",\"description\":\"Ceci\",\"breadcrumb\":{\"@id\":\"https:\\\/\\\/www.francebikerentals.com\\\/fr\\\/quel-velo-choisir\\\/#breadcrumb\"},\"inLanguage\":\"fr-FR\",\"potentialAction\":[{\"@type\":\"ReadAction\",\"target\":[\"https:\\\/\\\/www.francebikerentals.com\\\/fr\\\/quel-velo-choisir\\\/\"]}]},{\"@type\":\"ImageObject\",\"inLanguage\":\"fr-FR\",\"@id\":\"https:\\\/\\\/www.francebikerentals.com\\\/fr\\\/quel-velo-choisir\\\/#primaryimage\",\"url\":\"https:\\\/\\\/www.francebikerentals.com\\\/wp-content\\\/uploads\\\/2024\\\/07\\\/traitrouge2.png\",\"contentUrl\":\"https:\\\/\\\/www.francebikerentals.com\\\/wp-content\\\/uploads\\\/2024\\\/07\\\/traitrouge2.png\"},{\"@type\":\"BreadcrumbList\",\"@id\":\"https:\\\/\\\/www.francebikerentals.com\\\/fr\\\/quel-velo-choisir\\\/#breadcrumb\",\"itemListElement\":[{\"@type\":\"ListItem\",\"position\":1,\"name\":\"Accueil\",\"item\":\"https:\\\/\\\/www.francebikerentals.com\\\/\"},{\"@type\":\"ListItem\",\"position\":2,\"name\":\"Quel v\u00e9lo choisir?\"}]},{\"@type\":\"WebSite\",\"@id\":\"https:\\\/\\\/www.francebikerentals.com\\\/#website\",\"url\":\"https:\\\/\\\/www.francebikerentals.com\\\/\",\"name\":\"France Bike Rental\",\"description\":\"Your bike rental company\",\"publisher\":{\"@id\":\"https:\\\/\\\/www.francebikerentals.com\\\/#organization\"},\"potentialAction\":[{\"@type\":\"SearchAction\",\"target\":{\"@type\":\"EntryPoint\",\"urlTemplate\":\"https:\\\/\\\/www.francebikerentals.com\\\/?s={search_term_string}\"},\"query-input\":{\"@type\":\"PropertyValueSpecification\",\"valueRequired\":true,\"valueName\":\"search_term_string\"}}],\"inLanguage\":\"fr-FR\"},{\"@type\":\"Organization\",\"@id\":\"https:\\\/\\\/www.francebikerentals.com\\\/#organization\",\"name\":\"France Bike Rentals\",\"url\":\"https:\\\/\\\/www.francebikerentals.com\\\/\",\"logo\":{\"@type\":\"ImageObject\",\"inLanguage\":\"fr-FR\",\"@id\":\"https:\\\/\\\/www.francebikerentals.com\\\/#\\\/schema\\\/logo\\\/image\\\/\",\"url\":\"https:\\\/\\\/www.francebikerentals.com\\\/wp-content\\\/uploads\\\/2024\\\/07\\\/cropped-FBR_icon_512x512px.png\",\"contentUrl\":\"https:\\\/\\\/www.francebikerentals.com\\\/wp-content\\\/uploads\\\/2024\\\/07\\\/cropped-FBR_icon_512x512px.png\",\"width\":512,\"height\":512,\"caption\":\"France Bike Rentals\"},\"image\":{\"@id\":\"https:\\\/\\\/www.francebikerentals.com\\\/#\\\/schema\\\/logo\\\/image\\\/\"}}]}<\/script>\n<!-- \/ Yoast SEO Premium plugin. -->","yoast_head_json":{"title":"Quel v\u00e9lo choisir? - France Bike Rental","description":"Ceci","robots":{"index":"index","follow":"follow","max-snippet":"max-snippet:-1","max-image-preview":"max-image-preview:large","max-video-preview":"max-video-preview:-1"},"canonical":"https:\/\/www.francebikerentals.com\/fr\/quel-velo-choisir\/","og_locale":"fr_FR","og_type":"article","og_title":"Quel v\u00e9lo choisir?","og_description":"Ceci","og_url":"https:\/\/www.francebikerentals.com\/fr\/quel-velo-choisir\/","og_site_name":"France Bike Rental","article_modified_time":"2026-01-28T16:09:30+00:00","og_image":[{"url":"https:\/\/www.francebikerentals.com\/wp-content\/uploads\/2024\/07\/traitrouge2.png","type":"","width":"","height":""}],"twitter_card":"summary_large_image","twitter_misc":{"Dur\u00e9e de lecture estim\u00e9e":"3 minutes"},"schema":{"@context":"https:\/\/schema.org","@graph":[{"@type":"WebPage","@id":"https:\/\/www.francebikerentals.com\/fr\/quel-velo-choisir\/","url":"https:\/\/www.francebikerentals.com\/fr\/quel-velo-choisir\/","name":"Quel v\u00e9lo choisir? - France Bike Rental","isPartOf":{"@id":"https:\/\/www.francebikerentals.com\/#website"},"primaryImageOfPage":{"@id":"https:\/\/www.francebikerentals.com\/fr\/quel-velo-choisir\/#primaryimage"},"image":{"@id":"https:\/\/www.francebikerentals.com\/fr\/quel-velo-choisir\/#primaryimage"},"thumbnailUrl":"https:\/\/www.francebikerentals.com\/wp-content\/uploads\/2024\/07\/traitrouge2.png","datePublished":"2024-06-10T14:19:39+00:00","dateModified":"2026-01-28T16:09:30+00:00","description":"Ceci","breadcrumb":{"@id":"https:\/\/www.francebikerentals.com\/fr\/quel-velo-choisir\/#breadcrumb"},"inLanguage":"fr-FR","potentialAction":[{"@type":"ReadAction","target":["https:\/\/www.francebikerentals.com\/fr\/quel-velo-choisir\/"]}]},{"@type":"ImageObject","inLanguage":"fr-FR","@id":"https:\/\/www.francebikerentals.com\/fr\/quel-velo-choisir\/#primaryimage","url":"https:\/\/www.francebikerentals.com\/wp-content\/uploads\/2024\/07\/traitrouge2.png","contentUrl":"https:\/\/www.francebikerentals.com\/wp-content\/uploads\/2024\/07\/traitrouge2.png"},{"@type":"BreadcrumbList","@id":"https:\/\/www.francebikerentals.com\/fr\/quel-velo-choisir\/#breadcrumb","itemListElement":[{"@type":"ListItem","position":1,"name":"Accueil","item":"https:\/\/www.francebikerentals.com\/"},{"@type":"ListItem","position":2,"name":"Quel v\u00e9lo choisir?"}]},{"@type":"WebSite","@id":"https:\/\/www.francebikerentals.com\/#website","url":"https:\/\/www.francebikerentals.com\/","name":"France Bike Rental","description":"Your bike rental company","publisher":{"@id":"https:\/\/www.francebikerentals.com\/#organization"},"potentialAction":[{"@type":"SearchAction","target":{"@type":"EntryPoint","urlTemplate":"https:\/\/www.francebikerentals.com\/?s={search_term_string}"},"query-input":{"@type":"PropertyValueSpecification","valueRequired":true,"valueName":"search_term_string"}}],"inLanguage":"fr-FR"},{"@type":"Organization","@id":"https:\/\/www.francebikerentals.com\/#organization","name":"France Bike Rentals","url":"https:\/\/www.francebikerentals.com\/","logo":{"@type":"ImageObject","inLanguage":"fr-FR","@id":"https:\/\/www.francebikerentals.com\/#\/schema\/logo\/image\/","url":"https:\/\/www.francebikerentals.com\/wp-content\/uploads\/2024\/07\/cropped-FBR_icon_512x512px.png","contentUrl":"https:\/\/www.francebikerentals.com\/wp-content\/uploads\/2024\/07\/cropped-FBR_icon_512x512px.png","width":512,"height":512,"caption":"France Bike Rentals"},"image":{"@id":"https:\/\/www.francebikerentals.com\/#\/schema\/logo\/image\/"}}]}},"_links":{"self":[{"href":"https:\/\/www.francebikerentals.com\/fr\/wp-json\/wp\/v2\/pages\/2997","targetHints":{"allow":["GET"]}}],"collection":[{"href":"https:\/\/www.francebikerentals.com\/fr\/wp-json\/wp\/v2\/pages"}],"about":[{"href":"https:\/\/www.francebikerentals.com\/fr\/wp-json\/wp\/v2\/types\/page"}],"author":[{"embeddable":true,"href":"https:\/\/www.francebikerentals.com\/fr\/wp-json\/wp\/v2\/users\/1"}],"replies":[{"embeddable":true,"href":"https:\/\/www.francebikerentals.com\/fr\/wp-json\/wp\/v2\/comments?post=2997"}],"version-history":[{"count":8,"href":"https:\/\/www.francebikerentals.com\/fr\/wp-json\/wp\/v2\/pages\/2997\/revisions"}],"predecessor-version":[{"id":8634,"href":"https:\/\/www.francebikerentals.com\/fr\/wp-json\/wp\/v2\/pages\/2997\/revisions\/8634"}],"wp:attachment":[{"href":"https:\/\/www.francebikerentals.com\/fr\/wp-json\/wp\/v2\/media?parent=2997"}],"curies":[{"name":"wp","href":"https:\/\/api.w.org\/{rel}","templated":true}]}}