{"id":3172,"date":"2024-06-21T16:04:20","date_gmt":"2024-06-21T14:04:20","guid":{"rendered":"https:\/\/www.francebikerentals.com\/a-propos\/notre-magasin\/"},"modified":"2026-04-30T16:10:44","modified_gmt":"2026-04-30T14:10:44","slug":"notre-magasin","status":"publish","type":"page","link":"https:\/\/www.francebikerentals.com\/fr\/a-propos\/notre-magasin\/","title":{"rendered":"Notre magasin"},"content":{"rendered":"\t\t<div data-elementor-type=\"wp-page\" data-elementor-id=\"3172\" class=\"elementor elementor-3172 elementor-607\" data-elementor-settings=\"{&quot;ha_cmc_init_switcher&quot;:&quot;no&quot;}\" data-elementor-post-type=\"page\">\n\t\t\t\t<div class=\"elementor-element elementor-element-f884188 e-con-full e-flex e-con e-parent\" data-id=\"f884188\" data-element_type=\"container\" data-e-type=\"container\" data-settings=\"{&quot;jet_parallax_layout_list&quot;:[],&quot;_ha_eqh_enable&quot;:false}\">\n\t\t\t\t<div class=\"elementor-element elementor-element-b3e9a74 elementor-widget elementor-widget-menu-anchor\" data-id=\"b3e9a74\" data-element_type=\"widget\" data-e-type=\"widget\" data-widget_type=\"menu-anchor.default\">\n\t\t\t\t\t\t\t<div class=\"elementor-menu-anchor\" id=\"contenu\"><\/div>\n\t\t\t\t\t\t<\/div>\n\t\t<div class=\"elementor-element elementor-element-6018439 e-con-full e-flex e-con e-child\" data-id=\"6018439\" data-element_type=\"container\" data-e-type=\"container\" data-settings=\"{&quot;jet_parallax_layout_list&quot;:[],&quot;_ha_eqh_enable&quot;:false}\">\n\t\t\t\t<div class=\"elementor-element elementor-element-06ba0e8 elementor-widget__width-initial elementor-widget elementor-widget-text-editor\" data-id=\"06ba0e8\" data-element_type=\"widget\" data-e-type=\"widget\" data-widget_type=\"text-editor.default\">\n\t\t\t\t\t\t\t\t\t<p><strong>Souhaitez-vous explorer la Provence et la r\u00e9gion autour du Mont Ventoux \u00e0 v\u00e9lo ? Ou conqu\u00e9rir le G\u00e9ant de Provence ? <\/strong><\/p>\n<p>\u00c0 la boutique de v\u00e9los <strong><a href=\"https:\/\/www.revedevelo.com\/magasins\/5-magasin-velo-ventoux\" target=\"_blank\" rel=\"noopener\">R\u00caVE DE V\u00c9LO Bike Shop<\/a><\/strong>, vous trouverez l\u2019\u00e9quipement n\u00e9cessaire. Des v\u00e9los de route aux VTT, en passant par les v\u00e9los gravel et les v\u00e9los \u00e9lectriques, toute la gamme est \u00e0 votre disposition. <\/p>\n<p><span style=\"font-weight: 400;\">En plus de la location, nous offrons \u00e9galement une <strong>boutique<\/strong>, un <strong>atelier de v\u00e9los<\/strong>, un <strong>parking clients<\/strong> et une <strong>zone de d\u00e9tente<\/strong> avec boissons. <\/span><\/p>\n<p><span style=\"font-weight: 400;\">Nous nous r\u00e9jouissons de vous accueillir \u00e0 notre point de rencontre aux Ventoux !<\/span><\/p>\n\t\t\t\t\t\t\t\t<\/div>\n\t\t\t\t<div class=\"elementor-element elementor-element-01df82c elementor-widget__width-initial elementor-widget elementor-widget-image\" data-id=\"01df82c\" data-element_type=\"widget\" data-e-type=\"widget\" data-widget_type=\"image.default\">\n\t\t\t\t\t\t\t\t\t\t\t\t\t\t\t<img fetchpriority=\"high\" decoding=\"async\" width=\"550\" height=\"367\" src=\"https:\/\/www.francebikerentals.com\/wp-content\/uploads\/2024\/08\/FBR_reve_de_velo_store.jpg\" class=\"attachment-large size-large wp-image-3079\" alt=\"Our store R\u00caVE DE V\u00c9LO \/ France Bike Rentals in B\u00e9doin\" srcset=\"https:\/\/www.francebikerentals.com\/wp-content\/uploads\/2024\/08\/FBR_reve_de_velo_store.jpg 550w, https:\/\/www.francebikerentals.com\/wp-content\/uploads\/2024\/08\/FBR_reve_de_velo_store-300x200.jpg 300w\" sizes=\"(max-width: 550px) 100vw, 550px\" \/>\t\t\t\t\t\t\t\t\t\t\t\t\t\t\t<\/div>\n\t\t\t\t<\/div>\n\t\t<div class=\"elementor-element elementor-element-cd1b88d e-con-full e-flex e-con e-child\" data-id=\"cd1b88d\" data-element_type=\"container\" data-e-type=\"container\" data-settings=\"{&quot;jet_parallax_layout_list&quot;:[],&quot;_ha_eqh_enable&quot;:false}\">\n\t\t<div class=\"elementor-element elementor-element-173967a e-con-full e-flex e-con e-child\" data-id=\"173967a\" data-element_type=\"container\" data-e-type=\"container\" data-settings=\"{&quot;background_background&quot;:&quot;classic&quot;,&quot;jet_parallax_layout_list&quot;:[],&quot;_ha_eqh_enable&quot;:false}\">\n\t\t\t\t<div class=\"elementor-element elementor-element-79052b4 elementor-view-default elementor-widget elementor-widget-icon\" data-id=\"79052b4\" data-element_type=\"widget\" data-e-type=\"widget\" data-widget_type=\"icon.default\">\n\t\t\t\t\t\t\t<div class=\"elementor-icon-wrapper\">\n\t\t\t<a class=\"elementor-icon\" href=\"https:\/\/revedevelo-ventoux.lokki.rent\/\" target=\"_blank\">\n\t\t\t<svg xmlns=\"http:\/\/www.w3.org\/2000\/svg\" id=\"Calque_1\" data-name=\"Calque 1\" viewBox=\"0 0 47.12 29.41\"><defs><style>      .cls-1 {        fill: #fff;        stroke-width: 0px;      }    <\/style><\/defs><path class=\"cls-1\" d=\"m9.62,29.41c-5.3,0-9.62-4.32-9.62-9.62s4.32-9.62,9.62-9.62,9.62,4.32,9.62,9.62-4.32,9.62-9.62,9.62Zm0-17.24c-4.2,0-7.62,3.42-7.62,7.62s3.42,7.62,7.62,7.62,7.62-3.42,7.62-7.62-3.42-7.62-7.62-7.62Z\"><\/path><path class=\"cls-1\" d=\"m37.5,29.41c-5.3,0-9.62-4.32-9.62-9.62s4.32-9.62,9.62-9.62,9.62,4.32,9.62,9.62-4.32,9.62-9.62,9.62Zm0-17.24c-4.2,0-7.62,3.42-7.62,7.62s3.42,7.62,7.62,7.62,7.62-3.42,7.62-7.62-3.42-7.62-7.62-7.62Z\"><\/path><path class=\"cls-1\" d=\"m23.12,21.04l-16.1-1.18,10.1-11.76,14.33-3.07.32,1.49.1-.13,1.58,1.22-10.33,13.43Zm-12-2.89l11.07.82,9.13-11.87-13.13,2.81-7.08,8.24Z\"><\/path><rect class=\"cls-1\" x=\"17.15\" y=\"-.01\" width=\"2\" height=\"21.02\" transform=\"translate(-2.75 8.78) rotate(-25.35)\"><\/rect><rect class=\"cls-1\" x=\"10.65\" width=\"8\" height=\"2\"><\/rect><polygon class=\"cls-1\" points=\"37.58 20.19 30.13 3 39.45 3 36.9 7.49 35.16 6.51 36.01 5 33.18 5 39.42 19.39 37.58 20.19\"><\/polygon><\/svg>\t\t\t<\/a>\n\t\t<\/div>\n\t\t\t\t\t\t<\/div>\n\t\t\t\t<div class=\"elementor-element elementor-element-152184f elementor-widget elementor-widget-heading\" data-id=\"152184f\" data-element_type=\"widget\" data-e-type=\"widget\" data-widget_type=\"heading.default\">\n\t\t\t\t\t<h2 class=\"elementor-heading-title elementor-size-default\"><a href=\"https:\/\/revedevelo-ventoux.lokki.rent\/\" target=\"_blank\">Louer un v\u00e9lo<\/a><\/h2>\t\t\t\t<\/div>\n\t\t\t\t<div data-dce-background-color=\"#02010100\" class=\"elementor-element elementor-element-00d2d6d elementor-align-right elementor-widget elementor-widget-button\" data-id=\"00d2d6d\" data-element_type=\"widget\" data-e-type=\"widget\" data-widget_type=\"button.default\">\n\t\t\t\t\t\t\t\t\t\t<a class=\"elementor-button elementor-button-link elementor-size-sm\" href=\"https:\/\/revedevelo-ventoux.lokki.rent\/\" target=\"_blank\">\n\t\t\t\t\t\t<span class=\"elementor-button-content-wrapper\">\n\t\t\t\t\t\t<span class=\"elementor-button-icon\">\n\t\t\t\t<svg aria-hidden=\"true\" class=\"e-font-icon-svg e-fas-arrow-right\" viewBox=\"0 0 448 512\" xmlns=\"http:\/\/www.w3.org\/2000\/svg\"><path d=\"M190.5 66.9l22.2-22.2c9.4-9.4 24.6-9.4 33.9 0L441 239c9.4 9.4 9.4 24.6 0 33.9L246.6 467.3c-9.4 9.4-24.6 9.4-33.9 0l-22.2-22.2c-9.5-9.5-9.3-25 .4-34.3L311.4 296H24c-13.3 0-24-10.7-24-24v-32c0-13.3 10.7-24 24-24h287.4L190.9 101.2c-9.8-9.3-10-24.8-.4-34.3z\"><\/path><\/svg>\t\t\t<\/span>\n\t\t\t\t\t\t\t\t<\/span>\n\t\t\t\t\t<\/a>\n\t\t\t\t\t\t\t\t<\/div>\n\t\t\t\t<\/div>\n\t\t<div class=\"elementor-element elementor-element-a304fb5 e-con-full e-flex e-con e-child\" data-id=\"a304fb5\" data-element_type=\"container\" data-e-type=\"container\" data-settings=\"{&quot;background_background&quot;:&quot;gradient&quot;,&quot;jet_parallax_layout_list&quot;:[],&quot;_ha_eqh_enable&quot;:false}\">\n\t\t<div class=\"elementor-element elementor-element-4c636d7 e-con-full e-flex e-con e-child\" data-id=\"4c636d7\" data-element_type=\"container\" data-e-type=\"container\" data-settings=\"{&quot;jet_parallax_layout_list&quot;:[],&quot;_ha_eqh_enable&quot;:false}\">\n\t\t\t\t<div data-ha-element-link=\"{&quot;url&quot;:&quot;https:\\\/\\\/www.revedevelo.com\\\/en\\\/workspace-velo-ventoux-73.html&quot;,&quot;is_external&quot;:&quot;on&quot;,&quot;nofollow&quot;:&quot;&quot;}\" style=\"cursor: pointer\" class=\"elementor-element elementor-element-3a14a7a elementor-view-default elementor-position-block-start elementor-mobile-position-block-start elementor-widget elementor-widget-icon-box\" data-id=\"3a14a7a\" data-element_type=\"widget\" data-e-type=\"widget\" data-widget_type=\"icon-box.default\">\n\t\t\t\t\t\t\t<div class=\"elementor-icon-box-wrapper\">\n\n\t\t\t\t\t\t<div class=\"elementor-icon-box-icon\">\n\t\t\t\t<a href=\"https:\/\/www.revedevelo.com\/atelier-ventoux-73.html\" target=\"_blank\" class=\"elementor-icon\" tabindex=\"-1\">\n\t\t\t\t<svg xmlns=\"http:\/\/www.w3.org\/2000\/svg\" id=\"Calque_1\" data-name=\"Calque 1\" viewBox=\"0 0 40.92 46.59\"><defs><style>      .cls-1 {        fill: #fff;        stroke-width: 0px;      }    <\/style><\/defs><path class=\"cls-1\" d=\"m35.74,2.08l2.66,2.65,1.23-1.23-2.66-2.66c-1.13-1.13-2.98-1.14-4.12,0l-11.81,11.81,1.06,1.4,11.98-11.98c.44-.44,1.22-.44,1.66,0Z\"><\/path><path class=\"cls-1\" d=\"m36.38,13.09l2.65,2.65,1.23-1.23-2.65-2.65c-.55-.55-1.28-.85-2.06-.85s-1.51.3-2.06.85l-7.4,7.4,1.06,1.4,7.57-7.57c.44-.44,1.22-.44,1.66,0Z\"><\/path><path class=\"cls-1\" d=\"m37.03,24.1l2.66,2.66,1.23-1.23-2.66-2.66c-1.14-1.13-2.98-1.14-4.12,0l-3,3,1.07,1.39,3.17-3.17c.45-.45,1.21-.45,1.66,0Z\"><\/path><path class=\"cls-1\" d=\"m31.8,34.15c.28-.28.33-.71.13-1.05l-.07-.08-14.6-19.09c-.15-.2-.38-.32-.63-.34-.25-.01-.49.07-.67.25l-11.29,11.29c-.18.18-.27.42-.25.67.02.25.14.48.34.63l1.42,1.08-6.19,6.19,1.23,1.23,6.35-6.35,5.22,3.98-6.96,6.96,1.23,1.23,7.12-7.12,5.22,3.98-7.74,7.74,1.23,1.23,7.9-7.9,3.07,2.34c.35.27.84.24,1.14-.07l6.8-6.8Zm-7.5,5.04L6.61,25.66l9.89-9.89,13.53,17.69-5.73,5.73Z\"><\/path><\/svg>\t\t\t\t<\/a>\n\t\t\t<\/div>\n\t\t\t\n\t\t\t\t\t\t<div class=\"elementor-icon-box-content\">\n\n\t\t\t\t\n\t\t\t\t\t\t\t\t\t<p class=\"elementor-icon-box-description\">\n\t\t\t\t\t\tAtelier\t\t\t\t\t<\/p>\n\t\t\t\t\n\t\t\t<\/div>\n\t\t\t\n\t\t<\/div>\n\t\t\t\t\t\t<\/div>\n\t\t\t\t<\/div>\n\t\t<div class=\"elementor-element elementor-element-9b5a8dd e-con-full e-flex e-con e-child\" data-id=\"9b5a8dd\" data-element_type=\"container\" data-e-type=\"container\" data-settings=\"{&quot;jet_parallax_layout_list&quot;:[],&quot;_ha_eqh_enable&quot;:false}\">\n\t\t\t\t<div data-ha-element-link=\"{&quot;url&quot;:&quot;https:\\\/\\\/www.revedevelo.com\\\/en\\\/magasins\\\/5-magasin-velo-ventoux&quot;,&quot;is_external&quot;:&quot;on&quot;,&quot;nofollow&quot;:&quot;&quot;}\" style=\"cursor: pointer\" class=\"elementor-element elementor-element-2527ed0 elementor-view-default elementor-position-block-start elementor-mobile-position-block-start elementor-widget elementor-widget-icon-box\" data-id=\"2527ed0\" data-element_type=\"widget\" data-e-type=\"widget\" data-widget_type=\"icon-box.default\">\n\t\t\t\t\t\t\t<div class=\"elementor-icon-box-wrapper\">\n\n\t\t\t\t\t\t<div class=\"elementor-icon-box-icon\">\n\t\t\t\t<a href=\"https:\/\/www.revedevelo.com\/magasins\/5-magasin-velo-ventoux\" target=\"_blank\" class=\"elementor-icon\" tabindex=\"-1\">\n\t\t\t\t<svg xmlns=\"http:\/\/www.w3.org\/2000\/svg\" id=\"Calque_1\" data-name=\"Calque 1\" viewBox=\"0 0 47.12 29.41\"><defs><style>      .cls-1 {        fill: #fff;        stroke-width: 0px;      }    <\/style><\/defs><path class=\"cls-1\" d=\"m9.62,29.41c-5.3,0-9.62-4.32-9.62-9.62s4.32-9.62,9.62-9.62,9.62,4.32,9.62,9.62-4.32,9.62-9.62,9.62Zm0-17.24c-4.2,0-7.62,3.42-7.62,7.62s3.42,7.62,7.62,7.62,7.62-3.42,7.62-7.62-3.42-7.62-7.62-7.62Z\"><\/path><path class=\"cls-1\" d=\"m37.5,29.41c-5.3,0-9.62-4.32-9.62-9.62s4.32-9.62,9.62-9.62,9.62,4.32,9.62,9.62-4.32,9.62-9.62,9.62Zm0-17.24c-4.2,0-7.62,3.42-7.62,7.62s3.42,7.62,7.62,7.62,7.62-3.42,7.62-7.62-3.42-7.62-7.62-7.62Z\"><\/path><path class=\"cls-1\" d=\"m23.12,21.04l-16.1-1.18,10.1-11.76,14.33-3.07.32,1.49.1-.13,1.58,1.22-10.33,13.43Zm-12-2.89l11.07.82,9.13-11.87-13.13,2.81-7.08,8.24Z\"><\/path><rect class=\"cls-1\" x=\"17.15\" y=\"-.01\" width=\"2\" height=\"21.02\" transform=\"translate(-2.75 8.78) rotate(-25.35)\"><\/rect><rect class=\"cls-1\" x=\"10.65\" width=\"8\" height=\"2\"><\/rect><polygon class=\"cls-1\" points=\"37.58 20.19 30.13 3 39.45 3 36.9 7.49 35.16 6.51 36.01 5 33.18 5 39.42 19.39 37.58 20.19\"><\/polygon><\/svg>\t\t\t\t<\/a>\n\t\t\t<\/div>\n\t\t\t\n\t\t\t\t\t\t<div class=\"elementor-icon-box-content\">\n\n\t\t\t\t\n\t\t\t\t\t\t\t\t\t<p class=\"elementor-icon-box-description\">\n\t\t\t\t\t\tMagasin\t\t\t\t\t<\/p>\n\t\t\t\t\n\t\t\t<\/div>\n\t\t\t\n\t\t<\/div>\n\t\t\t\t\t\t<\/div>\n\t\t\t\t<\/div>\n\t\t<div class=\"elementor-element elementor-element-d6dc50d e-con-full e-flex e-con e-child\" data-id=\"d6dc50d\" data-element_type=\"container\" data-e-type=\"container\" data-settings=\"{&quot;jet_parallax_layout_list&quot;:[],&quot;_ha_eqh_enable&quot;:false}\">\n\t\t\t\t<div class=\"elementor-element elementor-element-a85cf2b elementor-view-default elementor-position-block-start elementor-mobile-position-block-start elementor-widget elementor-widget-icon-box\" data-id=\"a85cf2b\" data-element_type=\"widget\" data-e-type=\"widget\" data-widget_type=\"icon-box.default\">\n\t\t\t\t\t\t\t<div class=\"elementor-icon-box-wrapper\">\n\n\t\t\t\t\t\t<div class=\"elementor-icon-box-icon\">\n\t\t\t\t<span  class=\"elementor-icon\">\n\t\t\t\t<svg xmlns=\"http:\/\/www.w3.org\/2000\/svg\" id=\"Calque_1\" viewBox=\"0 0 494 222.38\"><defs><style>      .cls-1 {        fill: #fff;      }    <\/style><\/defs><polygon class=\"cls-1\" points=\"73.62 111.44 52.37 111.44 74.23 154.11 88.31 140.11 73.62 111.44\"><\/polygon><path class=\"cls-1\" d=\"M111.23,155.23l-19.34,19.47c28.13-.84,56.52-1.51,84.53-1.98l-18.45-18.58c-15.84.31-31.56.68-46.74,1.09Z\"><\/path><path class=\"cls-1\" d=\"M17.05,1.03c-.48-.93-1.62-1.3-2.55-.82L1.03,7.11c-.45.23-.78.62-.94,1.1-.16.48-.11,1,.12,1.45l38.58,75.29h21.26L17.05,1.03Z\"><\/path><rect class=\"cls-1\" x=\"29.29\" y=\"88.74\" width=\"163.54\" height=\"18.92\" rx=\"1.89\" ry=\"1.89\"><\/rect><path class=\"cls-1\" d=\"M413,176.71l15.36,44.4c.26.76.98,1.27,1.79,1.27h19.22c.62,0,1.18-.29,1.54-.79.36-.5.45-1.13.25-1.71l-14.61-42.69c-7.53-.17-15.28-.33-23.55-.48Z\"><\/path><path class=\"cls-1\" d=\"M492.16,155.97c-98.5-3.04-198.3-3.87-296.72-2.47l18.79,18.67c65.09-.74,131.07-.5,196.13.7,9.8.18,18.83.36,27.6.56,17.96.4,36.16.89,54.09,1.44.52.02,1-.17,1.37-.53.37-.36.57-.84.57-1.36v-15.13c0-1.03-.81-1.86-1.83-1.89Z\"><\/path><path class=\"cls-1\" d=\"M122.52,111.44L14.16,219.15c-.83.83-.53,1.79-.42,2.06.11.27.57,1.17,1.75,1.17h22.92c.51,0,.99-.2,1.35-.56l95.38-96.05,95.38,96.05c.36.36.84.56,1.34.56h22.92c1.18,0,1.64-.9,1.75-1.17.11-.27.42-1.23-.42-2.06l-108.36-107.7h-25.24ZM97.41,155.61v-3.78,3.78s0,0,0,0Z\"><\/path><\/svg>\t\t\t\t<\/span>\n\t\t\t<\/div>\n\t\t\t\n\t\t\t\t\t\t<div class=\"elementor-icon-box-content\">\n\n\t\t\t\t\n\t\t\t\t\t\t\t\t\t<p class=\"elementor-icon-box-description\">\n\t\t\t\t\t\tD\u00e9tente\t\t\t\t\t<\/p>\n\t\t\t\t\n\t\t\t<\/div>\n\t\t\t\n\t\t<\/div>\n\t\t\t\t\t\t<\/div>\n\t\t\t\t<\/div>\n\t\t\t\t<\/div>\n\t\t\t\t<\/div>\n\t\t\t\t<div class=\"elementor-element elementor-element-e84b960 elementor-widget-divider--view-line elementor-widget elementor-widget-divider\" data-id=\"e84b960\" data-element_type=\"widget\" data-e-type=\"widget\" data-widget_type=\"divider.default\">\n\t\t\t\t\t\t\t<div class=\"elementor-divider\">\n\t\t\t<span class=\"elementor-divider-separator\">\n\t\t\t\t\t\t<\/span>\n\t\t<\/div>\n\t\t\t\t\t\t<\/div>\n\t\t\t\t<\/div>\n\t\t<div class=\"elementor-element elementor-element-caeef16 e-flex e-con-boxed e-con e-parent\" data-id=\"caeef16\" data-element_type=\"container\" data-e-type=\"container\" data-settings=\"{&quot;jet_parallax_layout_list&quot;:[],&quot;_ha_eqh_enable&quot;:false}\">\n\t\t\t\t\t<div class=\"e-con-inner\">\n\t\t\t\t<div class=\"elementor-element elementor-element-401bc0f elementor-widget-divider--view-line_text elementor-widget-divider--element-align-right elementor-widget elementor-widget-divider\" data-id=\"401bc0f\" data-element_type=\"widget\" data-e-type=\"widget\" data-widget_type=\"divider.default\">\n\t\t\t\t\t\t\t<div class=\"elementor-divider\">\n\t\t\t<span class=\"elementor-divider-separator\">\n\t\t\t\t\t\t\t<h2 class=\"elementor-divider__text elementor-divider__element\">\n\t\t\t\tNos v\u00e9los\t\t\t\t<\/h2>\n\t\t\t\t\t\t<\/span>\n\t\t<\/div>\n\t\t\t\t\t\t<\/div>\n\t\t\t\t<div class=\"elementor-element elementor-element-ddab464 elementor-widget elementor-widget-taxonomy-filter\" data-id=\"ddab464\" data-element_type=\"widget\" data-e-type=\"widget\" data-settings=\"{&quot;selected_element&quot;:&quot;00e755c&quot;,&quot;taxonomy&quot;:&quot;bike-categories&quot;,&quot;multiple_selection&quot;:&quot;no&quot;,&quot;horizontal_scroll&quot;:&quot;disable&quot;}\" data-widget_type=\"taxonomy-filter.default\">\n\t\t\t\t\t\t\t<search class=\"e-filter\" role=\"search\" data-base-url=\"https:\/\/www.francebikerentals.com\/fr\/\" data-page-num=\"1\">\n\t\t\t\t\t\t\t<button class=\"e-filter-item\" data-filter=\"gravel-fr\" aria-pressed=\"false\">Gravel<\/button>\n\t\t\t\t\t\t\t<button class=\"e-filter-item\" data-filter=\"roues-capteur-de-puissance\" aria-pressed=\"false\">Roues &amp; capteur de puissance<\/button>\n\t\t\t\t\t\t\t<button class=\"e-filter-item\" data-filter=\"route\" aria-pressed=\"false\">Route<\/button>\n\t\t\t\t\t\t\t<button class=\"e-filter-item\" data-filter=\"route-electrique\" aria-pressed=\"false\">Route \u00e9lectrique<\/button>\n\t\t\t\t\t\t\t<button class=\"e-filter-item\" data-filter=\"triathlon-fr\" aria-pressed=\"false\">Triathlon<\/button>\n\t\t\t\t\t\t\t<button class=\"e-filter-item\" data-filter=\"vtc\" aria-pressed=\"false\">VTC<\/button>\n\t\t\t\t\t\t\t<button class=\"e-filter-item\" data-filter=\"vtc-electrique\" aria-pressed=\"false\">VTC \u00e9lectrique<\/button>\n\t\t\t\t\t\t\t<button class=\"e-filter-item\" data-filter=\"vtt\" aria-pressed=\"false\">VTT<\/button>\n\t\t\t\t\t\t\t<button class=\"e-filter-item\" data-filter=\"vtt-electrique\" aria-pressed=\"false\">VTT \u00e9lectrique<\/button>\n\t\t\t\n\t\t\t\t\t\t\t\t\t<button class=\"e-filter-item\" data-filter=\"__all\" aria-pressed=\"true\">\n\t\t\t\tTous les v\u00e9los\t\t\t<\/button>\n\t\t\t\t\t<\/search>\n\t\t\t\t\t\t<\/div>\n\t\t\t\t\t<\/div>\n\t\t\t\t<\/div>\n\t\t<div class=\"elementor-element elementor-element-e027fa4 e-flex e-con-boxed e-con e-parent\" data-id=\"e027fa4\" data-element_type=\"container\" data-e-type=\"container\" data-settings=\"{&quot;jet_parallax_layout_list&quot;:[],&quot;_ha_eqh_enable&quot;:false}\">\n\t\t\t\t\t<div class=\"e-con-inner\">\n\t\t\t\t<div class=\"elementor-element elementor-element-00e755c elementor-grid-3 elementor-grid-tablet-2 elementor-grid-mobile-1 elementor-widget elementor-widget-loop-grid\" data-id=\"00e755c\" data-element_type=\"widget\" data-e-type=\"widget\" data-settings=\"{&quot;template_id&quot;:699,&quot;pagination_type&quot;:&quot;load_more_on_click&quot;,&quot;_skin&quot;:&quot;post&quot;,&quot;columns&quot;:&quot;3&quot;,&quot;columns_tablet&quot;:&quot;2&quot;,&quot;columns_mobile&quot;:&quot;1&quot;,&quot;edit_handle_selector&quot;:&quot;[data-elementor-type=\\&quot;loop-item\\&quot;]&quot;,&quot;load_more_spinner&quot;:{&quot;value&quot;:&quot;fas fa-spinner&quot;,&quot;library&quot;:&quot;fa-solid&quot;},&quot;row_gap&quot;:{&quot;unit&quot;:&quot;px&quot;,&quot;size&quot;:&quot;&quot;,&quot;sizes&quot;:[]},&quot;row_gap_tablet&quot;:{&quot;unit&quot;:&quot;px&quot;,&quot;size&quot;:&quot;&quot;,&quot;sizes&quot;:[]},&quot;row_gap_mobile&quot;:{&quot;unit&quot;:&quot;px&quot;,&quot;size&quot;:&quot;&quot;,&quot;sizes&quot;:[]}}\" data-widget_type=\"loop-grid.post\">\n\t\t\t\t<div class=\"elementor-widget-container\">\n\t\t\t\t\t\t\t<div class=\"elementor-loop-container elementor-grid\" role=\"list\">\n\t\t<style id=\"loop-699\">.elementor-699 .elementor-element.elementor-element-dc84ba0{--display:flex;--flex-direction:column;--container-widget-width:100%;--container-widget-height:initial;--container-widget-flex-grow:0;--container-widget-align-self:initial;--flex-wrap-mobile:wrap;box-shadow:5px 5px 10px 0px rgba(0, 0, 0, 0.1);--padding-top:5%;--padding-bottom:5%;--padding-left:5%;--padding-right:5%;}.elementor-699 .elementor-element.elementor-element-dc84ba0:not(.elementor-motion-effects-element-type-background), .elementor-699 .elementor-element.elementor-element-dc84ba0 > .elementor-motion-effects-container > .elementor-motion-effects-layer{background-color:var( --e-global-color-c0096e1 );}.elementor-699 .elementor-element.elementor-element-2f68d8b{text-align:center;width:var( --container-widget-width, 30% );max-width:30%;--container-widget-width:30%;--container-widget-flex-grow:0;background-color:var( --e-global-color-accent );}.elementor-699 .elementor-element.elementor-element-2f68d8b .elementor-heading-title{font-size:14px;text-transform:uppercase;line-height:2.6em;color:var( --e-global-color-c0096e1 );}.elementor-699 .elementor-element.elementor-element-2f68d8b.elementor-element{--align-self:flex-end;}.elementor-699 .elementor-element.elementor-element-2f68d8b.ha-has-bg-overlay:hover::before{transition:background 0.3s;}.elementor-699 .elementor-element.elementor-element-6bb4360{text-align:center;width:var( --container-widget-width, 30% );max-width:30%;--container-widget-width:30%;--container-widget-flex-grow:0;background-color:var( --e-global-color-text );}.elementor-699 .elementor-element.elementor-element-6bb4360 .elementor-heading-title{font-size:14px;text-transform:uppercase;line-height:2.6em;color:var( --e-global-color-c0096e1 );}.elementor-699 .elementor-element.elementor-element-6bb4360.elementor-element{--align-self:flex-end;}.elementor-699 .elementor-element.elementor-element-6bb4360.ha-has-bg-overlay:hover::before{transition:background 0.3s;}.elementor-699 .elementor-element.elementor-element-6ed21da{text-align:center;width:var( --container-widget-width, 30% );max-width:30%;--container-widget-width:30%;--container-widget-flex-grow:0;background-color:var( --e-global-color-c0096e1 );}.elementor-699 .elementor-element.elementor-element-6ed21da .elementor-heading-title{font-size:14px;text-transform:uppercase;line-height:2.6em;color:var( --e-global-color-c0096e1 );}.elementor-699 .elementor-element.elementor-element-6ed21da.elementor-element{--align-self:flex-end;}.elementor-699 .elementor-element.elementor-element-6ed21da.ha-has-bg-overlay:hover::before{transition:background 0.3s;}.elementor-699 .elementor-element.elementor-element-423485e{--display:flex;--min-height:61px;--flex-direction:column;--container-widget-width:100%;--container-widget-height:initial;--container-widget-flex-grow:0;--container-widget-align-self:initial;--flex-wrap-mobile:wrap;}.elementor-699 .elementor-element.elementor-element-51a5a54 .elementor-heading-title{font-size:18px;font-weight:700;line-height:1.2em;}.elementor-699 .elementor-element.elementor-element-ff52697{--display:flex;--flex-direction:column;--container-widget-width:100%;--container-widget-height:initial;--container-widget-flex-grow:0;--container-widget-align-self:initial;--flex-wrap-mobile:wrap;}.elementor-699 .elementor-element.elementor-element-16ab24d .elementor-icon-wrapper{text-align:end;}.elementor-699 .elementor-element.elementor-element-16ab24d.elementor-view-stacked .elementor-icon{background-color:var( --e-global-color-accent );}.elementor-699 .elementor-element.elementor-element-16ab24d.elementor-view-framed .elementor-icon, .elementor-699 .elementor-element.elementor-element-16ab24d.elementor-view-default .elementor-icon{color:var( --e-global-color-accent );border-color:var( --e-global-color-accent );}.elementor-699 .elementor-element.elementor-element-16ab24d.elementor-view-framed .elementor-icon, .elementor-699 .elementor-element.elementor-element-16ab24d.elementor-view-default .elementor-icon svg{fill:var( --e-global-color-accent );}.elementor-699 .elementor-element.elementor-element-16ab24d.elementor-view-stacked .elementor-icon:hover{background-color:var( --e-global-color-text );}.elementor-699 .elementor-element.elementor-element-16ab24d.elementor-view-framed .elementor-icon:hover, .elementor-699 .elementor-element.elementor-element-16ab24d.elementor-view-default .elementor-icon:hover{color:var( --e-global-color-text );border-color:var( --e-global-color-text );}.elementor-699 .elementor-element.elementor-element-16ab24d.elementor-view-framed .elementor-icon:hover, .elementor-699 .elementor-element.elementor-element-16ab24d.elementor-view-default .elementor-icon:hover svg{fill:var( --e-global-color-text );}.elementor-699 .elementor-element.elementor-element-16ab24d .elementor-icon{font-size:25px;}.elementor-699 .elementor-element.elementor-element-16ab24d .elementor-icon svg{height:25px;}.elementor-699 .elementor-element.elementor-element-16ab24d.elementor-element{--align-self:flex-end;}<\/style>\t\t<div data-elementor-type=\"loop-item\" data-elementor-id=\"699\" class=\"elementor elementor-699 e-loop-item e-loop-item-9403 post-9403 bikes type-bikes status-publish has-post-thumbnail hentry bike-categories-roues-capteur-de-puissance\" data-elementor-settings=\"{&quot;ha_cmc_init_switcher&quot;:&quot;no&quot;}\" data-elementor-post-type=\"elementor_library\" data-custom-edit-handle=\"1\">\n\t\t\t<div class=\"elementor-element elementor-element-dc84ba0 e-flex e-con-boxed e-con e-parent\" data-id=\"dc84ba0\" data-element_type=\"container\" data-e-type=\"container\" data-settings=\"{&quot;jet_parallax_layout_list&quot;:[],&quot;background_background&quot;:&quot;classic&quot;,&quot;_ha_eqh_enable&quot;:false}\">\n\t\t\t\t\t<div class=\"e-con-inner\">\n\t\t\t\t<div class=\"dce-visibility-event elementor-element elementor-element-2f68d8b elementor-widget__width-initial ha-has-bg-overlay elementor-widget elementor-widget-heading\" data-id=\"2f68d8b\" data-element_type=\"widget\" data-e-type=\"widget\" data-settings=\"{&quot;enabled_visibility&quot;:&quot;yes&quot;,&quot;dce_visibility_selected&quot;:&quot;yes&quot;}\" data-widget_type=\"heading.default\">\n\t\t\t\t\t<span class=\"elementor-heading-title elementor-size-default\">new<\/span>\t\t\t\t<\/div>\n\t\t<!-- dce invisible element 6bb4360 --><!-- dce invisible element 6ed21da -->\t\t<div class=\"elementor-element elementor-element-a4b036e elementor-widget elementor-widget-theme-post-featured-image elementor-widget-image\" data-id=\"a4b036e\" data-element_type=\"widget\" data-e-type=\"widget\" data-widget_type=\"theme-post-featured-image.default\">\n\t\t\t\t\t\t\t\t\t\t\t\t\t\t\t\t<a href=\"https:\/\/www.francebikerentals.com\/fr\/bikes\/princeton-mach-tsv2-arriere\/\" target=\"_blank\">\n\t\t\t\t\t\t\t<img decoding=\"async\" width=\"312\" height=\"234\" src=\"https:\/\/www.francebikerentals.com\/wp-content\/uploads\/2026\/04\/FBR_Princeton_CarbonWorks_Mach_TSV2_arriere.png\" class=\"attachment-full size-full wp-image-9402\" alt=\"\" srcset=\"https:\/\/www.francebikerentals.com\/wp-content\/uploads\/2026\/04\/FBR_Princeton_CarbonWorks_Mach_TSV2_arriere.png 312w, https:\/\/www.francebikerentals.com\/wp-content\/uploads\/2026\/04\/FBR_Princeton_CarbonWorks_Mach_TSV2_arriere-300x225.png 300w\" sizes=\"(max-width: 312px) 100vw, 312px\" \/>\t\t\t\t\t\t\t\t<\/a>\n\t\t\t\t\t\t\t\t\t\t\t\t\t\t\t<\/div>\n\t\t<div class=\"elementor-element elementor-element-423485e e-con-full e-flex e-con e-child\" data-id=\"423485e\" data-element_type=\"container\" data-e-type=\"container\" data-settings=\"{&quot;jet_parallax_layout_list&quot;:[],&quot;_ha_eqh_enable&quot;:false}\">\n\t\t\t\t<div class=\"elementor-element elementor-element-51a5a54 elementor-widget elementor-widget-theme-post-title elementor-page-title elementor-widget-heading\" data-id=\"51a5a54\" data-element_type=\"widget\" data-e-type=\"widget\" data-widget_type=\"theme-post-title.default\">\n\t\t\t\t\t<div class=\"elementor-heading-title elementor-size-default\">Princeton Mach TSV2 Arri\u00e8re<\/div>\t\t\t\t<\/div>\n\t\t\t\t<\/div>\n\t\t<div class=\"elementor-element elementor-element-ff52697 e-con-full e-flex e-con e-child\" data-id=\"ff52697\" data-element_type=\"container\" data-e-type=\"container\" data-settings=\"{&quot;jet_parallax_layout_list&quot;:[],&quot;_ha_eqh_enable&quot;:false}\">\n\t\t\t\t<div class=\"elementor-element elementor-element-16ab24d elementor-view-default elementor-widget elementor-widget-icon\" data-id=\"16ab24d\" data-element_type=\"widget\" data-e-type=\"widget\" data-widget_type=\"icon.default\">\n\t\t\t\t\t\t\t<div class=\"elementor-icon-wrapper\">\n\t\t\t<a class=\"elementor-icon\" href=\"https:\/\/www.francebikerentals.com\/fr\/bikes\/princeton-mach-tsv2-arriere\/\" target=\"_blank\">\n\t\t\t<svg aria-hidden=\"true\" class=\"e-font-icon-svg e-fas-arrow-right\" viewBox=\"0 0 448 512\" xmlns=\"http:\/\/www.w3.org\/2000\/svg\"><path d=\"M190.5 66.9l22.2-22.2c9.4-9.4 24.6-9.4 33.9 0L441 239c9.4 9.4 9.4 24.6 0 33.9L246.6 467.3c-9.4 9.4-24.6 9.4-33.9 0l-22.2-22.2c-9.5-9.5-9.3-25 .4-34.3L311.4 296H24c-13.3 0-24-10.7-24-24v-32c0-13.3 10.7-24 24-24h287.4L190.9 101.2c-9.8-9.3-10-24.8-.4-34.3z\"><\/path><\/svg>\t\t\t<\/a>\n\t\t<\/div>\n\t\t\t\t\t\t<\/div>\n\t\t\t\t<\/div>\n\t\t\t\t\t<\/div>\n\t\t\t\t<\/div>\n\t\t\t\t<\/div>\n\t\t\t\t<div data-elementor-type=\"loop-item\" data-elementor-id=\"699\" class=\"elementor elementor-699 e-loop-item e-loop-item-8566 post-8566 bikes type-bikes status-publish has-post-thumbnail hentry bike-categories-roues-capteur-de-puissance\" data-elementor-settings=\"{&quot;ha_cmc_init_switcher&quot;:&quot;no&quot;}\" data-elementor-post-type=\"elementor_library\" data-custom-edit-handle=\"1\">\n\t\t\t<div class=\"elementor-element elementor-element-dc84ba0 e-flex e-con-boxed e-con e-parent\" data-id=\"dc84ba0\" data-element_type=\"container\" data-e-type=\"container\" data-settings=\"{&quot;jet_parallax_layout_list&quot;:[],&quot;background_background&quot;:&quot;classic&quot;,&quot;_ha_eqh_enable&quot;:false}\">\n\t\t\t\t\t<div class=\"e-con-inner\">\n\t\t\t\t<div class=\"dce-visibility-event elementor-element elementor-element-2f68d8b elementor-widget__width-initial ha-has-bg-overlay elementor-widget elementor-widget-heading\" data-id=\"2f68d8b\" data-element_type=\"widget\" data-e-type=\"widget\" data-settings=\"{&quot;enabled_visibility&quot;:&quot;yes&quot;,&quot;dce_visibility_selected&quot;:&quot;yes&quot;}\" data-widget_type=\"heading.default\">\n\t\t\t\t\t<span class=\"elementor-heading-title elementor-size-default\">new<\/span>\t\t\t\t<\/div>\n\t\t<!-- dce invisible element 6bb4360 --><!-- dce invisible element 6ed21da -->\t\t<div class=\"elementor-element elementor-element-a4b036e elementor-widget elementor-widget-theme-post-featured-image elementor-widget-image\" data-id=\"a4b036e\" data-element_type=\"widget\" data-e-type=\"widget\" data-widget_type=\"theme-post-featured-image.default\">\n\t\t\t\t\t\t\t\t\t\t\t\t\t\t\t\t<a href=\"https:\/\/www.francebikerentals.com\/fr\/bikes\/capteur-de-puissance-assioma-duo\/\" target=\"_blank\">\n\t\t\t\t\t\t\t<img decoding=\"async\" width=\"312\" height=\"234\" src=\"https:\/\/www.francebikerentals.com\/wp-content\/uploads\/2026\/01\/capteur-puissance.png\" class=\"attachment-full size-full wp-image-8561\" alt=\"\" srcset=\"https:\/\/www.francebikerentals.com\/wp-content\/uploads\/2026\/01\/capteur-puissance.png 312w, https:\/\/www.francebikerentals.com\/wp-content\/uploads\/2026\/01\/capteur-puissance-300x225.png 300w\" sizes=\"(max-width: 312px) 100vw, 312px\" \/>\t\t\t\t\t\t\t\t<\/a>\n\t\t\t\t\t\t\t\t\t\t\t\t\t\t\t<\/div>\n\t\t<div class=\"elementor-element elementor-element-423485e e-con-full e-flex e-con e-child\" data-id=\"423485e\" data-element_type=\"container\" data-e-type=\"container\" data-settings=\"{&quot;jet_parallax_layout_list&quot;:[],&quot;_ha_eqh_enable&quot;:false}\">\n\t\t\t\t<div class=\"elementor-element elementor-element-51a5a54 elementor-widget elementor-widget-theme-post-title elementor-page-title elementor-widget-heading\" data-id=\"51a5a54\" data-element_type=\"widget\" data-e-type=\"widget\" data-widget_type=\"theme-post-title.default\">\n\t\t\t\t\t<div class=\"elementor-heading-title elementor-size-default\">Capteur de puissance Assioma Duo<\/div>\t\t\t\t<\/div>\n\t\t\t\t<\/div>\n\t\t<div class=\"elementor-element elementor-element-ff52697 e-con-full e-flex e-con e-child\" data-id=\"ff52697\" data-element_type=\"container\" data-e-type=\"container\" data-settings=\"{&quot;jet_parallax_layout_list&quot;:[],&quot;_ha_eqh_enable&quot;:false}\">\n\t\t\t\t<div class=\"elementor-element elementor-element-16ab24d elementor-view-default elementor-widget elementor-widget-icon\" data-id=\"16ab24d\" data-element_type=\"widget\" data-e-type=\"widget\" data-widget_type=\"icon.default\">\n\t\t\t\t\t\t\t<div class=\"elementor-icon-wrapper\">\n\t\t\t<a class=\"elementor-icon\" href=\"https:\/\/www.francebikerentals.com\/fr\/bikes\/capteur-de-puissance-assioma-duo\/\" target=\"_blank\">\n\t\t\t<svg aria-hidden=\"true\" class=\"e-font-icon-svg e-fas-arrow-right\" viewBox=\"0 0 448 512\" xmlns=\"http:\/\/www.w3.org\/2000\/svg\"><path d=\"M190.5 66.9l22.2-22.2c9.4-9.4 24.6-9.4 33.9 0L441 239c9.4 9.4 9.4 24.6 0 33.9L246.6 467.3c-9.4 9.4-24.6 9.4-33.9 0l-22.2-22.2c-9.5-9.5-9.3-25 .4-34.3L311.4 296H24c-13.3 0-24-10.7-24-24v-32c0-13.3 10.7-24 24-24h287.4L190.9 101.2c-9.8-9.3-10-24.8-.4-34.3z\"><\/path><\/svg>\t\t\t<\/a>\n\t\t<\/div>\n\t\t\t\t\t\t<\/div>\n\t\t\t\t<\/div>\n\t\t\t\t\t<\/div>\n\t\t\t\t<\/div>\n\t\t\t\t<\/div>\n\t\t\t\t<div data-elementor-type=\"loop-item\" data-elementor-id=\"699\" class=\"elementor elementor-699 e-loop-item e-loop-item-8578 post-8578 bikes type-bikes status-publish has-post-thumbnail hentry bike-categories-roues-capteur-de-puissance\" data-elementor-settings=\"{&quot;ha_cmc_init_switcher&quot;:&quot;no&quot;}\" data-elementor-post-type=\"elementor_library\" data-custom-edit-handle=\"1\">\n\t\t\t<div class=\"elementor-element elementor-element-dc84ba0 e-flex e-con-boxed e-con e-parent\" data-id=\"dc84ba0\" data-element_type=\"container\" data-e-type=\"container\" data-settings=\"{&quot;jet_parallax_layout_list&quot;:[],&quot;background_background&quot;:&quot;classic&quot;,&quot;_ha_eqh_enable&quot;:false}\">\n\t\t\t\t\t<div class=\"e-con-inner\">\n\t\t\t\t<div class=\"dce-visibility-event elementor-element elementor-element-2f68d8b elementor-widget__width-initial ha-has-bg-overlay elementor-widget elementor-widget-heading\" data-id=\"2f68d8b\" data-element_type=\"widget\" data-e-type=\"widget\" data-settings=\"{&quot;enabled_visibility&quot;:&quot;yes&quot;,&quot;dce_visibility_selected&quot;:&quot;yes&quot;}\" data-widget_type=\"heading.default\">\n\t\t\t\t\t<span class=\"elementor-heading-title elementor-size-default\">new<\/span>\t\t\t\t<\/div>\n\t\t<!-- dce invisible element 6bb4360 --><!-- dce invisible element 6ed21da -->\t\t<div class=\"elementor-element elementor-element-a4b036e elementor-widget elementor-widget-theme-post-featured-image elementor-widget-image\" data-id=\"a4b036e\" data-element_type=\"widget\" data-e-type=\"widget\" data-widget_type=\"theme-post-featured-image.default\">\n\t\t\t\t\t\t\t\t\t\t\t\t\t\t\t\t<a href=\"https:\/\/www.francebikerentals.com\/fr\/bikes\/princeton-blur-633-v4\/\" target=\"_blank\">\n\t\t\t\t\t\t\t<img loading=\"lazy\" decoding=\"async\" width=\"312\" height=\"234\" src=\"https:\/\/www.francebikerentals.com\/wp-content\/uploads\/2026\/01\/roue-princeton3.png\" class=\"attachment-full size-full wp-image-8570\" alt=\"\" srcset=\"https:\/\/www.francebikerentals.com\/wp-content\/uploads\/2026\/01\/roue-princeton3.png 312w, https:\/\/www.francebikerentals.com\/wp-content\/uploads\/2026\/01\/roue-princeton3-300x225.png 300w\" sizes=\"(max-width: 312px) 100vw, 312px\" \/>\t\t\t\t\t\t\t\t<\/a>\n\t\t\t\t\t\t\t\t\t\t\t\t\t\t\t<\/div>\n\t\t<div class=\"elementor-element elementor-element-423485e e-con-full e-flex e-con e-child\" data-id=\"423485e\" data-element_type=\"container\" data-e-type=\"container\" data-settings=\"{&quot;jet_parallax_layout_list&quot;:[],&quot;_ha_eqh_enable&quot;:false}\">\n\t\t\t\t<div class=\"elementor-element elementor-element-51a5a54 elementor-widget elementor-widget-theme-post-title elementor-page-title elementor-widget-heading\" data-id=\"51a5a54\" data-element_type=\"widget\" data-e-type=\"widget\" data-widget_type=\"theme-post-title.default\">\n\t\t\t\t\t<div class=\"elementor-heading-title elementor-size-default\">Princeton Blur 633 V4<\/div>\t\t\t\t<\/div>\n\t\t\t\t<\/div>\n\t\t<div class=\"elementor-element elementor-element-ff52697 e-con-full e-flex e-con e-child\" data-id=\"ff52697\" data-element_type=\"container\" data-e-type=\"container\" data-settings=\"{&quot;jet_parallax_layout_list&quot;:[],&quot;_ha_eqh_enable&quot;:false}\">\n\t\t\t\t<div class=\"elementor-element elementor-element-16ab24d elementor-view-default elementor-widget elementor-widget-icon\" data-id=\"16ab24d\" data-element_type=\"widget\" data-e-type=\"widget\" data-widget_type=\"icon.default\">\n\t\t\t\t\t\t\t<div class=\"elementor-icon-wrapper\">\n\t\t\t<a class=\"elementor-icon\" href=\"https:\/\/www.francebikerentals.com\/fr\/bikes\/princeton-blur-633-v4\/\" target=\"_blank\">\n\t\t\t<svg aria-hidden=\"true\" class=\"e-font-icon-svg e-fas-arrow-right\" viewBox=\"0 0 448 512\" xmlns=\"http:\/\/www.w3.org\/2000\/svg\"><path d=\"M190.5 66.9l22.2-22.2c9.4-9.4 24.6-9.4 33.9 0L441 239c9.4 9.4 9.4 24.6 0 33.9L246.6 467.3c-9.4 9.4-24.6 9.4-33.9 0l-22.2-22.2c-9.5-9.5-9.3-25 .4-34.3L311.4 296H24c-13.3 0-24-10.7-24-24v-32c0-13.3 10.7-24 24-24h287.4L190.9 101.2c-9.8-9.3-10-24.8-.4-34.3z\"><\/path><\/svg>\t\t\t<\/a>\n\t\t<\/div>\n\t\t\t\t\t\t<\/div>\n\t\t\t\t<\/div>\n\t\t\t\t\t<\/div>\n\t\t\t\t<\/div>\n\t\t\t\t<\/div>\n\t\t\t\t<div data-elementor-type=\"loop-item\" data-elementor-id=\"699\" class=\"elementor elementor-699 e-loop-item e-loop-item-8579 post-8579 bikes type-bikes status-publish has-post-thumbnail hentry bike-categories-roues-capteur-de-puissance\" data-elementor-settings=\"{&quot;ha_cmc_init_switcher&quot;:&quot;no&quot;}\" data-elementor-post-type=\"elementor_library\" data-custom-edit-handle=\"1\">\n\t\t\t<div class=\"elementor-element elementor-element-dc84ba0 e-flex e-con-boxed e-con e-parent\" data-id=\"dc84ba0\" data-element_type=\"container\" data-e-type=\"container\" data-settings=\"{&quot;jet_parallax_layout_list&quot;:[],&quot;background_background&quot;:&quot;classic&quot;,&quot;_ha_eqh_enable&quot;:false}\">\n\t\t\t\t\t<div class=\"e-con-inner\">\n\t\t\t\t<div class=\"dce-visibility-event elementor-element elementor-element-2f68d8b elementor-widget__width-initial ha-has-bg-overlay elementor-widget elementor-widget-heading\" data-id=\"2f68d8b\" data-element_type=\"widget\" data-e-type=\"widget\" data-settings=\"{&quot;enabled_visibility&quot;:&quot;yes&quot;,&quot;dce_visibility_selected&quot;:&quot;yes&quot;}\" data-widget_type=\"heading.default\">\n\t\t\t\t\t<span class=\"elementor-heading-title elementor-size-default\">new<\/span>\t\t\t\t<\/div>\n\t\t<!-- dce invisible element 6bb4360 --><!-- dce invisible element 6ed21da -->\t\t<div class=\"elementor-element elementor-element-a4b036e elementor-widget elementor-widget-theme-post-featured-image elementor-widget-image\" data-id=\"a4b036e\" data-element_type=\"widget\" data-e-type=\"widget\" data-widget_type=\"theme-post-featured-image.default\">\n\t\t\t\t\t\t\t\t\t\t\t\t\t\t\t\t<a href=\"https:\/\/www.francebikerentals.com\/fr\/bikes\/princeton-mach-tsv2-set\/\" target=\"_blank\">\n\t\t\t\t\t\t\t<img loading=\"lazy\" decoding=\"async\" width=\"312\" height=\"234\" src=\"https:\/\/www.francebikerentals.com\/wp-content\/uploads\/2026\/01\/FBR_Princeton_CarbonWorks_Mach_TSV2_avant-1.jpg\" class=\"attachment-full size-full wp-image-8651\" alt=\"\" srcset=\"https:\/\/www.francebikerentals.com\/wp-content\/uploads\/2026\/01\/FBR_Princeton_CarbonWorks_Mach_TSV2_avant-1.jpg 312w, https:\/\/www.francebikerentals.com\/wp-content\/uploads\/2026\/01\/FBR_Princeton_CarbonWorks_Mach_TSV2_avant-1-300x225.jpg 300w\" sizes=\"(max-width: 312px) 100vw, 312px\" \/>\t\t\t\t\t\t\t\t<\/a>\n\t\t\t\t\t\t\t\t\t\t\t\t\t\t\t<\/div>\n\t\t<div class=\"elementor-element elementor-element-423485e e-con-full e-flex e-con e-child\" data-id=\"423485e\" data-element_type=\"container\" data-e-type=\"container\" data-settings=\"{&quot;jet_parallax_layout_list&quot;:[],&quot;_ha_eqh_enable&quot;:false}\">\n\t\t\t\t<div class=\"elementor-element elementor-element-51a5a54 elementor-widget elementor-widget-theme-post-title elementor-page-title elementor-widget-heading\" data-id=\"51a5a54\" data-element_type=\"widget\" data-e-type=\"widget\" data-widget_type=\"theme-post-title.default\">\n\t\t\t\t\t<div class=\"elementor-heading-title elementor-size-default\">Princeton Mach TSV2 Avant<\/div>\t\t\t\t<\/div>\n\t\t\t\t<\/div>\n\t\t<div class=\"elementor-element elementor-element-ff52697 e-con-full e-flex e-con e-child\" data-id=\"ff52697\" data-element_type=\"container\" data-e-type=\"container\" data-settings=\"{&quot;jet_parallax_layout_list&quot;:[],&quot;_ha_eqh_enable&quot;:false}\">\n\t\t\t\t<div class=\"elementor-element elementor-element-16ab24d elementor-view-default elementor-widget elementor-widget-icon\" data-id=\"16ab24d\" data-element_type=\"widget\" data-e-type=\"widget\" data-widget_type=\"icon.default\">\n\t\t\t\t\t\t\t<div class=\"elementor-icon-wrapper\">\n\t\t\t<a class=\"elementor-icon\" href=\"https:\/\/www.francebikerentals.com\/fr\/bikes\/princeton-mach-tsv2-set\/\" target=\"_blank\">\n\t\t\t<svg aria-hidden=\"true\" class=\"e-font-icon-svg e-fas-arrow-right\" viewBox=\"0 0 448 512\" xmlns=\"http:\/\/www.w3.org\/2000\/svg\"><path d=\"M190.5 66.9l22.2-22.2c9.4-9.4 24.6-9.4 33.9 0L441 239c9.4 9.4 9.4 24.6 0 33.9L246.6 467.3c-9.4 9.4-24.6 9.4-33.9 0l-22.2-22.2c-9.5-9.5-9.3-25 .4-34.3L311.4 296H24c-13.3 0-24-10.7-24-24v-32c0-13.3 10.7-24 24-24h287.4L190.9 101.2c-9.8-9.3-10-24.8-.4-34.3z\"><\/path><\/svg>\t\t\t<\/a>\n\t\t<\/div>\n\t\t\t\t\t\t<\/div>\n\t\t\t\t<\/div>\n\t\t\t\t\t<\/div>\n\t\t\t\t<\/div>\n\t\t\t\t<\/div>\n\t\t\t\t<div data-elementor-type=\"loop-item\" data-elementor-id=\"699\" class=\"elementor elementor-699 e-loop-item e-loop-item-8610 post-8610 bikes type-bikes status-publish has-post-thumbnail hentry bike-categories-triathlon-fr\" data-elementor-settings=\"{&quot;ha_cmc_init_switcher&quot;:&quot;no&quot;}\" data-elementor-post-type=\"elementor_library\" data-custom-edit-handle=\"1\">\n\t\t\t<div class=\"elementor-element elementor-element-dc84ba0 e-flex e-con-boxed e-con e-parent\" data-id=\"dc84ba0\" data-element_type=\"container\" data-e-type=\"container\" data-settings=\"{&quot;jet_parallax_layout_list&quot;:[],&quot;background_background&quot;:&quot;classic&quot;,&quot;_ha_eqh_enable&quot;:false}\">\n\t\t\t\t\t<div class=\"e-con-inner\">\n\t\t\t\t<div class=\"dce-visibility-event elementor-element elementor-element-2f68d8b elementor-widget__width-initial ha-has-bg-overlay elementor-widget elementor-widget-heading\" data-id=\"2f68d8b\" data-element_type=\"widget\" data-e-type=\"widget\" data-settings=\"{&quot;enabled_visibility&quot;:&quot;yes&quot;,&quot;dce_visibility_selected&quot;:&quot;yes&quot;}\" data-widget_type=\"heading.default\">\n\t\t\t\t\t<span class=\"elementor-heading-title elementor-size-default\">new<\/span>\t\t\t\t<\/div>\n\t\t<!-- dce invisible element 6bb4360 --><!-- dce invisible element 6ed21da -->\t\t<div class=\"elementor-element elementor-element-a4b036e elementor-widget elementor-widget-theme-post-featured-image elementor-widget-image\" data-id=\"a4b036e\" data-element_type=\"widget\" data-e-type=\"widget\" data-widget_type=\"theme-post-featured-image.default\">\n\t\t\t\t\t\t\t\t\t\t\t\t\t\t\t\t<a href=\"https:\/\/www.francebikerentals.com\/fr\/bikes\/velo-de-triathlon-scott-foil-rc-tri\/\" target=\"_blank\">\n\t\t\t\t\t\t\t<img loading=\"lazy\" decoding=\"async\" width=\"312\" height=\"234\" src=\"https:\/\/www.francebikerentals.com\/wp-content\/uploads\/2026\/01\/FBR_Triathlon_Scott_Foil_RC_TRI.jpg\" class=\"attachment-full size-full wp-image-8502\" alt=\"Scott Foil RC Tri\" srcset=\"https:\/\/www.francebikerentals.com\/wp-content\/uploads\/2026\/01\/FBR_Triathlon_Scott_Foil_RC_TRI.jpg 312w, https:\/\/www.francebikerentals.com\/wp-content\/uploads\/2026\/01\/FBR_Triathlon_Scott_Foil_RC_TRI-300x225.jpg 300w\" sizes=\"(max-width: 312px) 100vw, 312px\" \/>\t\t\t\t\t\t\t\t<\/a>\n\t\t\t\t\t\t\t\t\t\t\t\t\t\t\t<\/div>\n\t\t<div class=\"elementor-element elementor-element-423485e e-con-full e-flex e-con e-child\" data-id=\"423485e\" data-element_type=\"container\" data-e-type=\"container\" data-settings=\"{&quot;jet_parallax_layout_list&quot;:[],&quot;_ha_eqh_enable&quot;:false}\">\n\t\t\t\t<div class=\"elementor-element elementor-element-51a5a54 elementor-widget elementor-widget-theme-post-title elementor-page-title elementor-widget-heading\" data-id=\"51a5a54\" data-element_type=\"widget\" data-e-type=\"widget\" data-widget_type=\"theme-post-title.default\">\n\t\t\t\t\t<div class=\"elementor-heading-title elementor-size-default\">V\u00e9lo de triathlon Scott Foil RC Tri<\/div>\t\t\t\t<\/div>\n\t\t\t\t<\/div>\n\t\t<div class=\"elementor-element elementor-element-ff52697 e-con-full e-flex e-con e-child\" data-id=\"ff52697\" data-element_type=\"container\" data-e-type=\"container\" data-settings=\"{&quot;jet_parallax_layout_list&quot;:[],&quot;_ha_eqh_enable&quot;:false}\">\n\t\t\t\t<div class=\"elementor-element elementor-element-16ab24d elementor-view-default elementor-widget elementor-widget-icon\" data-id=\"16ab24d\" data-element_type=\"widget\" data-e-type=\"widget\" data-widget_type=\"icon.default\">\n\t\t\t\t\t\t\t<div class=\"elementor-icon-wrapper\">\n\t\t\t<a class=\"elementor-icon\" href=\"https:\/\/www.francebikerentals.com\/fr\/bikes\/velo-de-triathlon-scott-foil-rc-tri\/\" target=\"_blank\">\n\t\t\t<svg aria-hidden=\"true\" class=\"e-font-icon-svg e-fas-arrow-right\" viewBox=\"0 0 448 512\" xmlns=\"http:\/\/www.w3.org\/2000\/svg\"><path d=\"M190.5 66.9l22.2-22.2c9.4-9.4 24.6-9.4 33.9 0L441 239c9.4 9.4 9.4 24.6 0 33.9L246.6 467.3c-9.4 9.4-24.6 9.4-33.9 0l-22.2-22.2c-9.5-9.5-9.3-25 .4-34.3L311.4 296H24c-13.3 0-24-10.7-24-24v-32c0-13.3 10.7-24 24-24h287.4L190.9 101.2c-9.8-9.3-10-24.8-.4-34.3z\"><\/path><\/svg>\t\t\t<\/a>\n\t\t<\/div>\n\t\t\t\t\t\t<\/div>\n\t\t\t\t<\/div>\n\t\t\t\t\t<\/div>\n\t\t\t\t<\/div>\n\t\t\t\t<\/div>\n\t\t\t\t<div data-elementor-type=\"loop-item\" data-elementor-id=\"699\" class=\"elementor elementor-699 e-loop-item e-loop-item-5918 post-5918 bikes type-bikes status-publish has-post-thumbnail hentry bike-categories-triathlon-fr\" data-elementor-settings=\"{&quot;ha_cmc_init_switcher&quot;:&quot;no&quot;}\" data-elementor-post-type=\"elementor_library\" data-custom-edit-handle=\"1\">\n\t\t\t<div class=\"elementor-element elementor-element-dc84ba0 e-flex e-con-boxed e-con e-parent\" data-id=\"dc84ba0\" data-element_type=\"container\" data-e-type=\"container\" data-settings=\"{&quot;jet_parallax_layout_list&quot;:[],&quot;background_background&quot;:&quot;classic&quot;,&quot;_ha_eqh_enable&quot;:false}\">\n\t\t\t\t\t<div class=\"e-con-inner\">\n\t\t<!-- dce invisible element 2f68d8b --><!-- dce invisible element 6bb4360 -->\t\t<div data-dce-advanced-background-color=\"#CC0000\" class=\"elementor-element elementor-element-6ed21da elementor-widget__width-initial ha-has-bg-overlay elementor-widget elementor-widget-heading\" data-id=\"6ed21da\" data-element_type=\"widget\" data-e-type=\"widget\" data-settings=\"{&quot;enabled_visibility&quot;:&quot;yes&quot;,&quot;dce_visibility_selected&quot;:&quot;yes&quot;}\" data-widget_type=\"heading.default\">\n\t\t\t\t\t<span class=\"elementor-heading-title elementor-size-default\">none<\/span>\t\t\t\t<\/div>\n\t\t\t\t<div class=\"elementor-element elementor-element-a4b036e elementor-widget elementor-widget-theme-post-featured-image elementor-widget-image\" data-id=\"a4b036e\" data-element_type=\"widget\" data-e-type=\"widget\" data-widget_type=\"theme-post-featured-image.default\">\n\t\t\t\t\t\t\t\t\t\t\t\t\t\t\t\t<a href=\"https:\/\/www.francebikerentals.com\/fr\/bikes\/velo-de-triathlon-scott-foil-rc-20\/\" target=\"_blank\">\n\t\t\t\t\t\t\t<img loading=\"lazy\" decoding=\"async\" width=\"312\" height=\"234\" src=\"https:\/\/www.francebikerentals.com\/wp-content\/uploads\/2024\/12\/FBR_Triathlon_Scott_Foil_RC_20.jpg\" class=\"attachment-full size-full wp-image-5838\" alt=\"Triathlon Bike Scott Foil RC 30 105\" srcset=\"https:\/\/www.francebikerentals.com\/wp-content\/uploads\/2024\/12\/FBR_Triathlon_Scott_Foil_RC_20.jpg 312w, https:\/\/www.francebikerentals.com\/wp-content\/uploads\/2024\/12\/FBR_Triathlon_Scott_Foil_RC_20-300x225.jpg 300w\" sizes=\"(max-width: 312px) 100vw, 312px\" \/>\t\t\t\t\t\t\t\t<\/a>\n\t\t\t\t\t\t\t\t\t\t\t\t\t\t\t<\/div>\n\t\t<div class=\"elementor-element elementor-element-423485e e-con-full e-flex e-con e-child\" data-id=\"423485e\" data-element_type=\"container\" data-e-type=\"container\" data-settings=\"{&quot;jet_parallax_layout_list&quot;:[],&quot;_ha_eqh_enable&quot;:false}\">\n\t\t\t\t<div class=\"elementor-element elementor-element-51a5a54 elementor-widget elementor-widget-theme-post-title elementor-page-title elementor-widget-heading\" data-id=\"51a5a54\" data-element_type=\"widget\" data-e-type=\"widget\" data-widget_type=\"theme-post-title.default\">\n\t\t\t\t\t<div class=\"elementor-heading-title elementor-size-default\">V\u00e9lo de triathlon Scott Foil RC 20<\/div>\t\t\t\t<\/div>\n\t\t\t\t<\/div>\n\t\t<div class=\"elementor-element elementor-element-ff52697 e-con-full e-flex e-con e-child\" data-id=\"ff52697\" data-element_type=\"container\" data-e-type=\"container\" data-settings=\"{&quot;jet_parallax_layout_list&quot;:[],&quot;_ha_eqh_enable&quot;:false}\">\n\t\t\t\t<div class=\"elementor-element elementor-element-16ab24d elementor-view-default elementor-widget elementor-widget-icon\" data-id=\"16ab24d\" data-element_type=\"widget\" data-e-type=\"widget\" data-widget_type=\"icon.default\">\n\t\t\t\t\t\t\t<div class=\"elementor-icon-wrapper\">\n\t\t\t<a class=\"elementor-icon\" href=\"https:\/\/www.francebikerentals.com\/fr\/bikes\/velo-de-triathlon-scott-foil-rc-20\/\" target=\"_blank\">\n\t\t\t<svg aria-hidden=\"true\" class=\"e-font-icon-svg e-fas-arrow-right\" viewBox=\"0 0 448 512\" xmlns=\"http:\/\/www.w3.org\/2000\/svg\"><path d=\"M190.5 66.9l22.2-22.2c9.4-9.4 24.6-9.4 33.9 0L441 239c9.4 9.4 9.4 24.6 0 33.9L246.6 467.3c-9.4 9.4-24.6 9.4-33.9 0l-22.2-22.2c-9.5-9.5-9.3-25 .4-34.3L311.4 296H24c-13.3 0-24-10.7-24-24v-32c0-13.3 10.7-24 24-24h287.4L190.9 101.2c-9.8-9.3-10-24.8-.4-34.3z\"><\/path><\/svg>\t\t\t<\/a>\n\t\t<\/div>\n\t\t\t\t\t\t<\/div>\n\t\t\t\t<\/div>\n\t\t\t\t\t<\/div>\n\t\t\t\t<\/div>\n\t\t\t\t<\/div>\n\t\t\t\t<div data-elementor-type=\"loop-item\" data-elementor-id=\"699\" class=\"elementor elementor-699 e-loop-item e-loop-item-5915 post-5915 bikes type-bikes status-publish has-post-thumbnail hentry bike-categories-route\" data-elementor-settings=\"{&quot;ha_cmc_init_switcher&quot;:&quot;no&quot;}\" data-elementor-post-type=\"elementor_library\" data-custom-edit-handle=\"1\">\n\t\t\t<div class=\"elementor-element elementor-element-dc84ba0 e-flex e-con-boxed e-con e-parent\" data-id=\"dc84ba0\" data-element_type=\"container\" data-e-type=\"container\" data-settings=\"{&quot;jet_parallax_layout_list&quot;:[],&quot;background_background&quot;:&quot;classic&quot;,&quot;_ha_eqh_enable&quot;:false}\">\n\t\t\t\t\t<div class=\"e-con-inner\">\n\t\t<!-- dce invisible element 2f68d8b --><!-- dce invisible element 6bb4360 --><!-- dce invisible element 6ed21da -->\t\t<div class=\"elementor-element elementor-element-a4b036e elementor-widget elementor-widget-theme-post-featured-image elementor-widget-image\" data-id=\"a4b036e\" data-element_type=\"widget\" data-e-type=\"widget\" data-widget_type=\"theme-post-featured-image.default\">\n\t\t\t\t\t\t\t\t\t\t\t\t\t\t\t\t<a href=\"https:\/\/www.francebikerentals.com\/fr\/bikes\/velo-de-route-pinarello-f7\/\" target=\"_blank\">\n\t\t\t\t\t\t\t<img loading=\"lazy\" decoding=\"async\" width=\"312\" height=\"234\" src=\"https:\/\/www.francebikerentals.com\/wp-content\/uploads\/2024\/12\/FBR_Road_Pinarello_F7.jpg\" class=\"attachment-full size-full wp-image-5830\" alt=\"Road Bike Pinarello F7\" srcset=\"https:\/\/www.francebikerentals.com\/wp-content\/uploads\/2024\/12\/FBR_Road_Pinarello_F7.jpg 312w, https:\/\/www.francebikerentals.com\/wp-content\/uploads\/2024\/12\/FBR_Road_Pinarello_F7-300x225.jpg 300w\" sizes=\"(max-width: 312px) 100vw, 312px\" \/>\t\t\t\t\t\t\t\t<\/a>\n\t\t\t\t\t\t\t\t\t\t\t\t\t\t\t<\/div>\n\t\t<div class=\"elementor-element elementor-element-423485e e-con-full e-flex e-con e-child\" data-id=\"423485e\" data-element_type=\"container\" data-e-type=\"container\" data-settings=\"{&quot;jet_parallax_layout_list&quot;:[],&quot;_ha_eqh_enable&quot;:false}\">\n\t\t\t\t<div class=\"elementor-element elementor-element-51a5a54 elementor-widget elementor-widget-theme-post-title elementor-page-title elementor-widget-heading\" data-id=\"51a5a54\" data-element_type=\"widget\" data-e-type=\"widget\" data-widget_type=\"theme-post-title.default\">\n\t\t\t\t\t<div class=\"elementor-heading-title elementor-size-default\">V\u00e9lo de route Pinarello F7<\/div>\t\t\t\t<\/div>\n\t\t\t\t<\/div>\n\t\t<div class=\"elementor-element elementor-element-ff52697 e-con-full e-flex e-con e-child\" data-id=\"ff52697\" data-element_type=\"container\" data-e-type=\"container\" data-settings=\"{&quot;jet_parallax_layout_list&quot;:[],&quot;_ha_eqh_enable&quot;:false}\">\n\t\t\t\t<div class=\"elementor-element elementor-element-16ab24d elementor-view-default elementor-widget elementor-widget-icon\" data-id=\"16ab24d\" data-element_type=\"widget\" data-e-type=\"widget\" data-widget_type=\"icon.default\">\n\t\t\t\t\t\t\t<div class=\"elementor-icon-wrapper\">\n\t\t\t<a class=\"elementor-icon\" href=\"https:\/\/www.francebikerentals.com\/fr\/bikes\/velo-de-route-pinarello-f7\/\" target=\"_blank\">\n\t\t\t<svg aria-hidden=\"true\" class=\"e-font-icon-svg e-fas-arrow-right\" viewBox=\"0 0 448 512\" xmlns=\"http:\/\/www.w3.org\/2000\/svg\"><path d=\"M190.5 66.9l22.2-22.2c9.4-9.4 24.6-9.4 33.9 0L441 239c9.4 9.4 9.4 24.6 0 33.9L246.6 467.3c-9.4 9.4-24.6 9.4-33.9 0l-22.2-22.2c-9.5-9.5-9.3-25 .4-34.3L311.4 296H24c-13.3 0-24-10.7-24-24v-32c0-13.3 10.7-24 24-24h287.4L190.9 101.2c-9.8-9.3-10-24.8-.4-34.3z\"><\/path><\/svg>\t\t\t<\/a>\n\t\t<\/div>\n\t\t\t\t\t\t<\/div>\n\t\t\t\t<\/div>\n\t\t\t\t\t<\/div>\n\t\t\t\t<\/div>\n\t\t\t\t<\/div>\n\t\t\t\t<div data-elementor-type=\"loop-item\" data-elementor-id=\"699\" class=\"elementor elementor-699 e-loop-item e-loop-item-5914 post-5914 bikes type-bikes status-publish has-post-thumbnail hentry bike-categories-route\" data-elementor-settings=\"{&quot;ha_cmc_init_switcher&quot;:&quot;no&quot;}\" data-elementor-post-type=\"elementor_library\" data-custom-edit-handle=\"1\">\n\t\t\t<div class=\"elementor-element elementor-element-dc84ba0 e-flex e-con-boxed e-con e-parent\" data-id=\"dc84ba0\" data-element_type=\"container\" data-e-type=\"container\" data-settings=\"{&quot;jet_parallax_layout_list&quot;:[],&quot;background_background&quot;:&quot;classic&quot;,&quot;_ha_eqh_enable&quot;:false}\">\n\t\t\t\t\t<div class=\"e-con-inner\">\n\t\t<!-- dce invisible element 2f68d8b --><!-- dce invisible element 6bb4360 --><!-- dce invisible element 6ed21da -->\t\t<div class=\"elementor-element elementor-element-a4b036e elementor-widget elementor-widget-theme-post-featured-image elementor-widget-image\" data-id=\"a4b036e\" data-element_type=\"widget\" data-e-type=\"widget\" data-widget_type=\"theme-post-featured-image.default\">\n\t\t\t\t\t\t\t\t\t\t\t\t\t\t\t\t<a href=\"https:\/\/www.francebikerentals.com\/fr\/bikes\/velo-de-route-pinarello-dogma-f\/\" target=\"_blank\">\n\t\t\t\t\t\t\t<img loading=\"lazy\" decoding=\"async\" width=\"312\" height=\"234\" src=\"https:\/\/www.francebikerentals.com\/wp-content\/uploads\/2024\/12\/FBR_Road_Pinarello_Dogma_F.jpg\" class=\"attachment-full size-full wp-image-5827\" alt=\"Road Bike Pinarello Dogma F\" srcset=\"https:\/\/www.francebikerentals.com\/wp-content\/uploads\/2024\/12\/FBR_Road_Pinarello_Dogma_F.jpg 312w, https:\/\/www.francebikerentals.com\/wp-content\/uploads\/2024\/12\/FBR_Road_Pinarello_Dogma_F-300x225.jpg 300w\" sizes=\"(max-width: 312px) 100vw, 312px\" \/>\t\t\t\t\t\t\t\t<\/a>\n\t\t\t\t\t\t\t\t\t\t\t\t\t\t\t<\/div>\n\t\t<div class=\"elementor-element elementor-element-423485e e-con-full e-flex e-con e-child\" data-id=\"423485e\" data-element_type=\"container\" data-e-type=\"container\" data-settings=\"{&quot;jet_parallax_layout_list&quot;:[],&quot;_ha_eqh_enable&quot;:false}\">\n\t\t\t\t<div class=\"elementor-element elementor-element-51a5a54 elementor-widget elementor-widget-theme-post-title elementor-page-title elementor-widget-heading\" data-id=\"51a5a54\" data-element_type=\"widget\" data-e-type=\"widget\" data-widget_type=\"theme-post-title.default\">\n\t\t\t\t\t<div class=\"elementor-heading-title elementor-size-default\">V\u00e9lo de route Pinarello Dogma F<\/div>\t\t\t\t<\/div>\n\t\t\t\t<\/div>\n\t\t<div class=\"elementor-element elementor-element-ff52697 e-con-full e-flex e-con e-child\" data-id=\"ff52697\" data-element_type=\"container\" data-e-type=\"container\" data-settings=\"{&quot;jet_parallax_layout_list&quot;:[],&quot;_ha_eqh_enable&quot;:false}\">\n\t\t\t\t<div class=\"elementor-element elementor-element-16ab24d elementor-view-default elementor-widget elementor-widget-icon\" data-id=\"16ab24d\" data-element_type=\"widget\" data-e-type=\"widget\" data-widget_type=\"icon.default\">\n\t\t\t\t\t\t\t<div class=\"elementor-icon-wrapper\">\n\t\t\t<a class=\"elementor-icon\" href=\"https:\/\/www.francebikerentals.com\/fr\/bikes\/velo-de-route-pinarello-dogma-f\/\" target=\"_blank\">\n\t\t\t<svg aria-hidden=\"true\" class=\"e-font-icon-svg e-fas-arrow-right\" viewBox=\"0 0 448 512\" xmlns=\"http:\/\/www.w3.org\/2000\/svg\"><path d=\"M190.5 66.9l22.2-22.2c9.4-9.4 24.6-9.4 33.9 0L441 239c9.4 9.4 9.4 24.6 0 33.9L246.6 467.3c-9.4 9.4-24.6 9.4-33.9 0l-22.2-22.2c-9.5-9.5-9.3-25 .4-34.3L311.4 296H24c-13.3 0-24-10.7-24-24v-32c0-13.3 10.7-24 24-24h287.4L190.9 101.2c-9.8-9.3-10-24.8-.4-34.3z\"><\/path><\/svg>\t\t\t<\/a>\n\t\t<\/div>\n\t\t\t\t\t\t<\/div>\n\t\t\t\t<\/div>\n\t\t\t\t\t<\/div>\n\t\t\t\t<\/div>\n\t\t\t\t<\/div>\n\t\t\t\t<div data-elementor-type=\"loop-item\" data-elementor-id=\"699\" class=\"elementor elementor-699 e-loop-item e-loop-item-5917 post-5917 bikes type-bikes status-publish has-post-thumbnail hentry bike-categories-route\" data-elementor-settings=\"{&quot;ha_cmc_init_switcher&quot;:&quot;no&quot;}\" data-elementor-post-type=\"elementor_library\" data-custom-edit-handle=\"1\">\n\t\t\t<div class=\"elementor-element elementor-element-dc84ba0 e-flex e-con-boxed e-con e-parent\" data-id=\"dc84ba0\" data-element_type=\"container\" data-e-type=\"container\" data-settings=\"{&quot;jet_parallax_layout_list&quot;:[],&quot;background_background&quot;:&quot;classic&quot;,&quot;_ha_eqh_enable&quot;:false}\">\n\t\t\t\t\t<div class=\"e-con-inner\">\n\t\t<!-- dce invisible element 2f68d8b --><!-- dce invisible element 6bb4360 --><!-- dce invisible element 6ed21da -->\t\t<div class=\"elementor-element elementor-element-a4b036e elementor-widget elementor-widget-theme-post-featured-image elementor-widget-image\" data-id=\"a4b036e\" data-element_type=\"widget\" data-e-type=\"widget\" data-widget_type=\"theme-post-featured-image.default\">\n\t\t\t\t\t\t\t\t\t\t\t\t\t\t\t\t<a href=\"https:\/\/www.francebikerentals.com\/fr\/bikes\/velo-de-route-scott-addict-rc-30\/\" target=\"_blank\">\n\t\t\t\t\t\t\t<img loading=\"lazy\" decoding=\"async\" width=\"312\" height=\"234\" src=\"https:\/\/www.francebikerentals.com\/wp-content\/uploads\/2024\/12\/FBR_Road_Scott_Addict_RC_30.jpg\" class=\"attachment-full size-full wp-image-5824\" alt=\"Road Bike Scott Addict RC 30 105\" srcset=\"https:\/\/www.francebikerentals.com\/wp-content\/uploads\/2024\/12\/FBR_Road_Scott_Addict_RC_30.jpg 312w, https:\/\/www.francebikerentals.com\/wp-content\/uploads\/2024\/12\/FBR_Road_Scott_Addict_RC_30-300x225.jpg 300w\" sizes=\"(max-width: 312px) 100vw, 312px\" \/>\t\t\t\t\t\t\t\t<\/a>\n\t\t\t\t\t\t\t\t\t\t\t\t\t\t\t<\/div>\n\t\t<div class=\"elementor-element elementor-element-423485e e-con-full e-flex e-con e-child\" data-id=\"423485e\" data-element_type=\"container\" data-e-type=\"container\" data-settings=\"{&quot;jet_parallax_layout_list&quot;:[],&quot;_ha_eqh_enable&quot;:false}\">\n\t\t\t\t<div class=\"elementor-element elementor-element-51a5a54 elementor-widget elementor-widget-theme-post-title elementor-page-title elementor-widget-heading\" data-id=\"51a5a54\" data-element_type=\"widget\" data-e-type=\"widget\" data-widget_type=\"theme-post-title.default\">\n\t\t\t\t\t<div class=\"elementor-heading-title elementor-size-default\">V\u00e9lo de route Scott Addict RC 30<\/div>\t\t\t\t<\/div>\n\t\t\t\t<\/div>\n\t\t<div class=\"elementor-element elementor-element-ff52697 e-con-full e-flex e-con e-child\" data-id=\"ff52697\" data-element_type=\"container\" data-e-type=\"container\" data-settings=\"{&quot;jet_parallax_layout_list&quot;:[],&quot;_ha_eqh_enable&quot;:false}\">\n\t\t\t\t<div class=\"elementor-element elementor-element-16ab24d elementor-view-default elementor-widget elementor-widget-icon\" data-id=\"16ab24d\" data-element_type=\"widget\" data-e-type=\"widget\" data-widget_type=\"icon.default\">\n\t\t\t\t\t\t\t<div class=\"elementor-icon-wrapper\">\n\t\t\t<a class=\"elementor-icon\" href=\"https:\/\/www.francebikerentals.com\/fr\/bikes\/velo-de-route-scott-addict-rc-30\/\" target=\"_blank\">\n\t\t\t<svg aria-hidden=\"true\" class=\"e-font-icon-svg e-fas-arrow-right\" viewBox=\"0 0 448 512\" xmlns=\"http:\/\/www.w3.org\/2000\/svg\"><path d=\"M190.5 66.9l22.2-22.2c9.4-9.4 24.6-9.4 33.9 0L441 239c9.4 9.4 9.4 24.6 0 33.9L246.6 467.3c-9.4 9.4-24.6 9.4-33.9 0l-22.2-22.2c-9.5-9.5-9.3-25 .4-34.3L311.4 296H24c-13.3 0-24-10.7-24-24v-32c0-13.3 10.7-24 24-24h287.4L190.9 101.2c-9.8-9.3-10-24.8-.4-34.3z\"><\/path><\/svg>\t\t\t<\/a>\n\t\t<\/div>\n\t\t\t\t\t\t<\/div>\n\t\t\t\t<\/div>\n\t\t\t\t\t<\/div>\n\t\t\t\t<\/div>\n\t\t\t\t<\/div>\n\t\t\t\t<\/div>\n\t\t\t\t\t<span class=\"e-load-more-spinner\">\n\t\t\t\t<svg aria-hidden=\"true\" class=\"e-font-icon-svg e-fas-spinner\" viewBox=\"0 0 512 512\" xmlns=\"http:\/\/www.w3.org\/2000\/svg\"><path d=\"M304 48c0 26.51-21.49 48-48 48s-48-21.49-48-48 21.49-48 48-48 48 21.49 48 48zm-48 368c-26.51 0-48 21.49-48 48s21.49 48 48 48 48-21.49 48-48-21.49-48-48-48zm208-208c-26.51 0-48 21.49-48 48s21.49 48 48 48 48-21.49 48-48-21.49-48-48-48zM96 256c0-26.51-21.49-48-48-48S0 229.49 0 256s21.49 48 48 48 48-21.49 48-48zm12.922 99.078c-26.51 0-48 21.49-48 48s21.49 48 48 48 48-21.49 48-48c0-26.509-21.491-48-48-48zm294.156 0c-26.51 0-48 21.49-48 48s21.49 48 48 48 48-21.49 48-48c0-26.509-21.49-48-48-48zM108.922 60.922c-26.51 0-48 21.49-48 48s21.49 48 48 48 48-21.49 48-48-21.491-48-48-48z\"><\/path><\/svg>\t\t\t<\/span>\n\t\t\n\t\t\t\t<div class=\"e-load-more-anchor\" data-page=\"1\" data-max-page=\"3\" data-next-page=\"https:\/\/www.francebikerentals.com\/fr\/wp-json\/wp\/v2\/pages\/3172\/page\/2\/\"><\/div>\n\t\t\t\t<div class=\"e-loop__load-more elementor-button-wrapper\">\n\t\t\t<a class=\"elementor-button elementor-size-sm\" role=\"button\">\n\t\t\t\t\t\t<span class=\"elementor-button-content-wrapper\">\n\t\t\t\t\t\t\t\t\t<span class=\"elementor-button-text\">Charger plus<\/span>\n\t\t\t\t\t<\/span>\n\t\t\t\t\t<\/a>\n\t\t<\/div>\n\t\t\t\t<div class=\"e-load-more-message\"><\/div>\n\t\t\t\t\t\t<\/div>\n\t\t\t\t<\/div>\n\t\t\t\t\t<\/div>\n\t\t\t\t<\/div>\n\t\t\t\t<\/div>\n\t\t","protected":false},"excerpt":{"rendered":"<p>Souhaitez-vous explorer la Provence et la r\u00e9gion autour du Mont Ventoux \u00e0 v\u00e9lo ? Ou conqu\u00e9rir le G\u00e9ant de Provence ? \u00c0 la boutique de v\u00e9los R\u00caVE DE V\u00c9LO Bike Shop, vous trouverez l\u2019\u00e9quipement n\u00e9cessaire. Des v\u00e9los de route aux VTT, en passant par les v\u00e9los gravel et les v\u00e9los \u00e9lectriques, toute la gamme est [&hellip;]<\/p>\n","protected":false},"author":1,"featured_media":0,"parent":3170,"menu_order":0,"comment_status":"closed","ping_status":"closed","template":"","meta":{"footnotes":""},"class_list":["post-3172","page","type-page","status-publish","hentry"],"yoast_head":"<!-- This site is optimized with the Yoast SEO Premium plugin v22.9 (Yoast SEO v27.5) - https:\/\/yoast.com\/product\/yoast-seo-premium-wordpress\/ -->\n<title>Notre magasin - France Bike Rental<\/title>\n<meta name=\"description\" content=\"Souhaitez-vous explorer la Provence et la r\u00e9gion autour du Mont Ventoux \u00e0 v\u00e9lo ? Ou conqu\u00e9rir le G\u00e9ant de Provence ? \u00c0 la boutique de v\u00e9los R\u00caVE DE V\u00c9LO\" \/>\n<meta name=\"robots\" content=\"index, follow, max-snippet:-1, max-image-preview:large, max-video-preview:-1\" \/>\n<link rel=\"canonical\" href=\"https:\/\/www.francebikerentals.com\/fr\/a-propos\/notre-magasin\/\" \/>\n<meta property=\"og:locale\" content=\"fr_FR\" \/>\n<meta property=\"og:type\" content=\"article\" \/>\n<meta property=\"og:title\" content=\"Notre magasin\" \/>\n<meta property=\"og:description\" content=\"Souhaitez-vous explorer la Provence et la r\u00e9gion autour du Mont Ventoux \u00e0 v\u00e9lo ? Ou conqu\u00e9rir le G\u00e9ant de Provence ? \u00c0 la boutique de v\u00e9los R\u00caVE DE V\u00c9LO\" \/>\n<meta property=\"og:url\" content=\"https:\/\/www.francebikerentals.com\/fr\/a-propos\/notre-magasin\/\" \/>\n<meta property=\"og:site_name\" content=\"France Bike Rental\" \/>\n<meta property=\"article:modified_time\" content=\"2026-04-30T14:10:44+00:00\" \/>\n<meta property=\"og:image\" content=\"https:\/\/www.francebikerentals.com\/wp-content\/uploads\/2024\/08\/FBR_reve_de_velo_store.jpg\" \/>\n\t<meta property=\"og:image:width\" content=\"550\" \/>\n\t<meta property=\"og:image:height\" content=\"367\" \/>\n\t<meta property=\"og:image:type\" content=\"image\/jpeg\" \/>\n<meta name=\"twitter:card\" content=\"summary_large_image\" \/>\n<meta name=\"twitter:label1\" content=\"Dur\u00e9e de lecture estim\u00e9e\" \/>\n\t<meta name=\"twitter:data1\" content=\"5 minutes\" \/>\n<script type=\"application\/ld+json\" class=\"yoast-schema-graph\">{\"@context\":\"https:\\\/\\\/schema.org\",\"@graph\":[{\"@type\":\"WebPage\",\"@id\":\"https:\\\/\\\/www.francebikerentals.com\\\/fr\\\/a-propos\\\/notre-magasin\\\/\",\"url\":\"https:\\\/\\\/www.francebikerentals.com\\\/fr\\\/a-propos\\\/notre-magasin\\\/\",\"name\":\"Notre magasin - France Bike Rental\",\"isPartOf\":{\"@id\":\"https:\\\/\\\/www.francebikerentals.com\\\/#website\"},\"primaryImageOfPage\":{\"@id\":\"https:\\\/\\\/www.francebikerentals.com\\\/fr\\\/a-propos\\\/notre-magasin\\\/#primaryimage\"},\"image\":{\"@id\":\"https:\\\/\\\/www.francebikerentals.com\\\/fr\\\/a-propos\\\/notre-magasin\\\/#primaryimage\"},\"thumbnailUrl\":\"https:\\\/\\\/www.francebikerentals.com\\\/wp-content\\\/uploads\\\/2024\\\/08\\\/FBR_reve_de_velo_store.jpg\",\"datePublished\":\"2024-06-21T14:04:20+00:00\",\"dateModified\":\"2026-04-30T14:10:44+00:00\",\"description\":\"Souhaitez-vous explorer la Provence et la r\u00e9gion autour du Mont Ventoux \u00e0 v\u00e9lo ? Ou conqu\u00e9rir le G\u00e9ant de Provence ? \u00c0 la boutique de v\u00e9los R\u00caVE DE V\u00c9LO\",\"breadcrumb\":{\"@id\":\"https:\\\/\\\/www.francebikerentals.com\\\/fr\\\/a-propos\\\/notre-magasin\\\/#breadcrumb\"},\"inLanguage\":\"fr-FR\",\"potentialAction\":[{\"@type\":\"ReadAction\",\"target\":[\"https:\\\/\\\/www.francebikerentals.com\\\/fr\\\/a-propos\\\/notre-magasin\\\/\"]}]},{\"@type\":\"ImageObject\",\"inLanguage\":\"fr-FR\",\"@id\":\"https:\\\/\\\/www.francebikerentals.com\\\/fr\\\/a-propos\\\/notre-magasin\\\/#primaryimage\",\"url\":\"https:\\\/\\\/www.francebikerentals.com\\\/wp-content\\\/uploads\\\/2024\\\/08\\\/FBR_reve_de_velo_store.jpg\",\"contentUrl\":\"https:\\\/\\\/www.francebikerentals.com\\\/wp-content\\\/uploads\\\/2024\\\/08\\\/FBR_reve_de_velo_store.jpg\"},{\"@type\":\"BreadcrumbList\",\"@id\":\"https:\\\/\\\/www.francebikerentals.com\\\/fr\\\/a-propos\\\/notre-magasin\\\/#breadcrumb\",\"itemListElement\":[{\"@type\":\"ListItem\",\"position\":1,\"name\":\"Accueil\",\"item\":\"https:\\\/\\\/www.francebikerentals.com\\\/\"},{\"@type\":\"ListItem\",\"position\":2,\"name\":\"\u00c0 propos\",\"item\":\"https:\\\/\\\/www.francebikerentals.com\\\/fr\\\/a-propos\\\/\"},{\"@type\":\"ListItem\",\"position\":3,\"name\":\"Notre magasin\"}]},{\"@type\":\"WebSite\",\"@id\":\"https:\\\/\\\/www.francebikerentals.com\\\/#website\",\"url\":\"https:\\\/\\\/www.francebikerentals.com\\\/\",\"name\":\"France Bike Rental\",\"description\":\"Your bike rental company\",\"publisher\":{\"@id\":\"https:\\\/\\\/www.francebikerentals.com\\\/#organization\"},\"potentialAction\":[{\"@type\":\"SearchAction\",\"target\":{\"@type\":\"EntryPoint\",\"urlTemplate\":\"https:\\\/\\\/www.francebikerentals.com\\\/?s={search_term_string}\"},\"query-input\":{\"@type\":\"PropertyValueSpecification\",\"valueRequired\":true,\"valueName\":\"search_term_string\"}}],\"inLanguage\":\"fr-FR\"},{\"@type\":\"Organization\",\"@id\":\"https:\\\/\\\/www.francebikerentals.com\\\/#organization\",\"name\":\"France Bike Rentals\",\"url\":\"https:\\\/\\\/www.francebikerentals.com\\\/\",\"logo\":{\"@type\":\"ImageObject\",\"inLanguage\":\"fr-FR\",\"@id\":\"https:\\\/\\\/www.francebikerentals.com\\\/#\\\/schema\\\/logo\\\/image\\\/\",\"url\":\"https:\\\/\\\/www.francebikerentals.com\\\/wp-content\\\/uploads\\\/2024\\\/07\\\/cropped-FBR_icon_512x512px.png\",\"contentUrl\":\"https:\\\/\\\/www.francebikerentals.com\\\/wp-content\\\/uploads\\\/2024\\\/07\\\/cropped-FBR_icon_512x512px.png\",\"width\":512,\"height\":512,\"caption\":\"France Bike Rentals\"},\"image\":{\"@id\":\"https:\\\/\\\/www.francebikerentals.com\\\/#\\\/schema\\\/logo\\\/image\\\/\"}}]}<\/script>\n<!-- \/ Yoast SEO Premium plugin. -->","yoast_head_json":{"title":"Notre magasin - France Bike Rental","description":"Souhaitez-vous explorer la Provence et la r\u00e9gion autour du Mont Ventoux \u00e0 v\u00e9lo ? Ou conqu\u00e9rir le G\u00e9ant de Provence ? \u00c0 la boutique de v\u00e9los R\u00caVE DE V\u00c9LO","robots":{"index":"index","follow":"follow","max-snippet":"max-snippet:-1","max-image-preview":"max-image-preview:large","max-video-preview":"max-video-preview:-1"},"canonical":"https:\/\/www.francebikerentals.com\/fr\/a-propos\/notre-magasin\/","og_locale":"fr_FR","og_type":"article","og_title":"Notre magasin","og_description":"Souhaitez-vous explorer la Provence et la r\u00e9gion autour du Mont Ventoux \u00e0 v\u00e9lo ? Ou conqu\u00e9rir le G\u00e9ant de Provence ? \u00c0 la boutique de v\u00e9los R\u00caVE DE V\u00c9LO","og_url":"https:\/\/www.francebikerentals.com\/fr\/a-propos\/notre-magasin\/","og_site_name":"France Bike Rental","article_modified_time":"2026-04-30T14:10:44+00:00","og_image":[{"width":550,"height":367,"url":"https:\/\/www.francebikerentals.com\/wp-content\/uploads\/2024\/08\/FBR_reve_de_velo_store.jpg","type":"image\/jpeg"}],"twitter_card":"summary_large_image","twitter_misc":{"Dur\u00e9e de lecture estim\u00e9e":"5 minutes"},"schema":{"@context":"https:\/\/schema.org","@graph":[{"@type":"WebPage","@id":"https:\/\/www.francebikerentals.com\/fr\/a-propos\/notre-magasin\/","url":"https:\/\/www.francebikerentals.com\/fr\/a-propos\/notre-magasin\/","name":"Notre magasin - France Bike Rental","isPartOf":{"@id":"https:\/\/www.francebikerentals.com\/#website"},"primaryImageOfPage":{"@id":"https:\/\/www.francebikerentals.com\/fr\/a-propos\/notre-magasin\/#primaryimage"},"image":{"@id":"https:\/\/www.francebikerentals.com\/fr\/a-propos\/notre-magasin\/#primaryimage"},"thumbnailUrl":"https:\/\/www.francebikerentals.com\/wp-content\/uploads\/2024\/08\/FBR_reve_de_velo_store.jpg","datePublished":"2024-06-21T14:04:20+00:00","dateModified":"2026-04-30T14:10:44+00:00","description":"Souhaitez-vous explorer la Provence et la r\u00e9gion autour du Mont Ventoux \u00e0 v\u00e9lo ? Ou conqu\u00e9rir le G\u00e9ant de Provence ? \u00c0 la boutique de v\u00e9los R\u00caVE DE V\u00c9LO","breadcrumb":{"@id":"https:\/\/www.francebikerentals.com\/fr\/a-propos\/notre-magasin\/#breadcrumb"},"inLanguage":"fr-FR","potentialAction":[{"@type":"ReadAction","target":["https:\/\/www.francebikerentals.com\/fr\/a-propos\/notre-magasin\/"]}]},{"@type":"ImageObject","inLanguage":"fr-FR","@id":"https:\/\/www.francebikerentals.com\/fr\/a-propos\/notre-magasin\/#primaryimage","url":"https:\/\/www.francebikerentals.com\/wp-content\/uploads\/2024\/08\/FBR_reve_de_velo_store.jpg","contentUrl":"https:\/\/www.francebikerentals.com\/wp-content\/uploads\/2024\/08\/FBR_reve_de_velo_store.jpg"},{"@type":"BreadcrumbList","@id":"https:\/\/www.francebikerentals.com\/fr\/a-propos\/notre-magasin\/#breadcrumb","itemListElement":[{"@type":"ListItem","position":1,"name":"Accueil","item":"https:\/\/www.francebikerentals.com\/"},{"@type":"ListItem","position":2,"name":"\u00c0 propos","item":"https:\/\/www.francebikerentals.com\/fr\/a-propos\/"},{"@type":"ListItem","position":3,"name":"Notre magasin"}]},{"@type":"WebSite","@id":"https:\/\/www.francebikerentals.com\/#website","url":"https:\/\/www.francebikerentals.com\/","name":"France Bike Rental","description":"Your bike rental company","publisher":{"@id":"https:\/\/www.francebikerentals.com\/#organization"},"potentialAction":[{"@type":"SearchAction","target":{"@type":"EntryPoint","urlTemplate":"https:\/\/www.francebikerentals.com\/?s={search_term_string}"},"query-input":{"@type":"PropertyValueSpecification","valueRequired":true,"valueName":"search_term_string"}}],"inLanguage":"fr-FR"},{"@type":"Organization","@id":"https:\/\/www.francebikerentals.com\/#organization","name":"France Bike Rentals","url":"https:\/\/www.francebikerentals.com\/","logo":{"@type":"ImageObject","inLanguage":"fr-FR","@id":"https:\/\/www.francebikerentals.com\/#\/schema\/logo\/image\/","url":"https:\/\/www.francebikerentals.com\/wp-content\/uploads\/2024\/07\/cropped-FBR_icon_512x512px.png","contentUrl":"https:\/\/www.francebikerentals.com\/wp-content\/uploads\/2024\/07\/cropped-FBR_icon_512x512px.png","width":512,"height":512,"caption":"France Bike Rentals"},"image":{"@id":"https:\/\/www.francebikerentals.com\/#\/schema\/logo\/image\/"}}]}},"_links":{"self":[{"href":"https:\/\/www.francebikerentals.com\/fr\/wp-json\/wp\/v2\/pages\/3172","targetHints":{"allow":["GET"]}}],"collection":[{"href":"https:\/\/www.francebikerentals.com\/fr\/wp-json\/wp\/v2\/pages"}],"about":[{"href":"https:\/\/www.francebikerentals.com\/fr\/wp-json\/wp\/v2\/types\/page"}],"author":[{"embeddable":true,"href":"https:\/\/www.francebikerentals.com\/fr\/wp-json\/wp\/v2\/users\/1"}],"replies":[{"embeddable":true,"href":"https:\/\/www.francebikerentals.com\/fr\/wp-json\/wp\/v2\/comments?post=3172"}],"version-history":[{"count":9,"href":"https:\/\/www.francebikerentals.com\/fr\/wp-json\/wp\/v2\/pages\/3172\/revisions"}],"predecessor-version":[{"id":9415,"href":"https:\/\/www.francebikerentals.com\/fr\/wp-json\/wp\/v2\/pages\/3172\/revisions\/9415"}],"up":[{"embeddable":true,"href":"https:\/\/www.francebikerentals.com\/fr\/wp-json\/wp\/v2\/pages\/3170"}],"wp:attachment":[{"href":"https:\/\/www.francebikerentals.com\/fr\/wp-json\/wp\/v2\/media?parent=3172"}],"curies":[{"name":"wp","href":"https:\/\/api.w.org\/{rel}","templated":true}]}}