{"id":6597,"date":"2025-01-27T12:02:57","date_gmt":"2025-01-27T11:02:57","guid":{"rendered":"https:\/\/www.francebikerentals.com\/?page_id=6597"},"modified":"2025-03-10T16:04:19","modified_gmt":"2025-03-10T15:04:19","slug":"sejours-a-velo-et-experiences-vip","status":"publish","type":"page","link":"https:\/\/www.francebikerentals.com\/fr\/services\/sejours-a-velo-et-experiences-vip\/","title":{"rendered":"S\u00e9jours \u00e0 v\u00e9lo et exp\u00e9riences VIP"},"content":{"rendered":"\t\t<div data-elementor-type=\"wp-page\" data-elementor-id=\"6597\" class=\"elementor elementor-6597 elementor-6578\" data-elementor-settings=\"{&quot;ha_cmc_init_switcher&quot;:&quot;no&quot;}\" data-elementor-post-type=\"page\">\n\t\t\t\t<div class=\"elementor-element elementor-element-7f101a0 e-flex e-con-boxed e-con e-parent\" data-id=\"7f101a0\" data-element_type=\"container\" data-e-type=\"container\" data-settings=\"{&quot;jet_parallax_layout_list&quot;:[],&quot;_ha_eqh_enable&quot;:false}\">\n\t\t\t\t\t<div class=\"e-con-inner\">\n\t\t\t\t<div class=\"elementor-element elementor-element-3a91bff elementor-widget elementor-widget-menu-anchor\" data-id=\"3a91bff\" data-element_type=\"widget\" data-e-type=\"widget\" data-widget_type=\"menu-anchor.default\">\n\t\t\t\t\t\t\t<div class=\"elementor-menu-anchor\" id=\"contenu\"><\/div>\n\t\t\t\t\t\t<\/div>\n\t\t<div class=\"elementor-element elementor-element-8ca5c69 e-con-full e-flex e-con e-child\" data-id=\"8ca5c69\" data-element_type=\"container\" data-e-type=\"container\" data-settings=\"{&quot;jet_parallax_layout_list&quot;:[],&quot;_ha_eqh_enable&quot;:false}\">\n\t\t\t\t<div class=\"elementor-element elementor-element-33a60d8 titlered elementor-widget elementor-widget-heading\" data-id=\"33a60d8\" data-element_type=\"widget\" data-e-type=\"widget\" data-widget_type=\"heading.default\">\n\t\t\t\t\t<h2 class=\"elementor-heading-title elementor-size-default\"><img decoding=\"async\" src=\"https:\/\/www.francebikerentals.com\/wp-content\/uploads\/2024\/07\/traitrouge2.png\">Transport de bagages<\/h2>\t\t\t\t<\/div>\n\t\t\t\t<\/div>\n\t\t\t\t\t<\/div>\n\t\t\t\t<\/div>\n\t\t<div class=\"elementor-element elementor-element-35b29e3 e-flex e-con-boxed e-con e-parent\" data-id=\"35b29e3\" data-element_type=\"container\" data-e-type=\"container\" data-settings=\"{&quot;jet_parallax_layout_list&quot;:[],&quot;_ha_eqh_enable&quot;:false}\">\n\t\t\t\t\t<div class=\"e-con-inner\">\n\t\t<div class=\"elementor-element elementor-element-f86a062 e-con-full e-flex e-con e-child\" data-id=\"f86a062\" data-element_type=\"container\" data-e-type=\"container\" data-settings=\"{&quot;jet_parallax_layout_list&quot;:[],&quot;_ha_eqh_enable&quot;:false}\">\n\t\t<div class=\"elementor-element elementor-element-ebcd919 e-con-full e-flex e-con e-child\" data-id=\"ebcd919\" data-element_type=\"container\" data-e-type=\"container\" data-settings=\"{&quot;jet_parallax_layout_list&quot;:[],&quot;_ha_eqh_enable&quot;:false}\">\n\t\t\t\t<div class=\"elementor-element elementor-element-3fc3d05 elementor-widget elementor-widget-text-editor\" data-id=\"3fc3d05\" data-element_type=\"widget\" data-e-type=\"widget\" data-widget_type=\"text-editor.default\">\n\t\t\t\t\t\t\t\t\t<p>Voyagez l\u00e9ger avec notre service de transport de bagages.<\/p>\n<p><strong>Avantages :<\/strong><br \/>Vos affaires suivent votre itin\u00e9raire.<\/p>\n\t\t\t\t\t\t\t\t<\/div>\n\t\t\t\t<div class=\"elementor-element elementor-element-5db49f0 elementor-align-left elementor-tablet-align-justify elementor-widget elementor-widget-button\" data-id=\"5db49f0\" data-element_type=\"widget\" data-e-type=\"widget\" data-widget_type=\"button.default\">\n\t\t\t\t\t\t\t\t\t\t<a class=\"elementor-button elementor-button-link elementor-size-sm\" href=\"https:\/\/travel.revedevelo.com\/transport-bagage-randonnee-velo\/\" target=\"_blank\">\n\t\t\t\t\t\t<span class=\"elementor-button-content-wrapper\">\n\t\t\t\t\t\t<span class=\"elementor-button-icon\">\n\t\t\t\t<svg aria-hidden=\"true\" class=\"e-font-icon-svg e-fas-arrow-right\" viewBox=\"0 0 448 512\" xmlns=\"http:\/\/www.w3.org\/2000\/svg\"><path d=\"M190.5 66.9l22.2-22.2c9.4-9.4 24.6-9.4 33.9 0L441 239c9.4 9.4 9.4 24.6 0 33.9L246.6 467.3c-9.4 9.4-24.6 9.4-33.9 0l-22.2-22.2c-9.5-9.5-9.3-25 .4-34.3L311.4 296H24c-13.3 0-24-10.7-24-24v-32c0-13.3 10.7-24 24-24h287.4L190.9 101.2c-9.8-9.3-10-24.8-.4-34.3z\"><\/path><\/svg>\t\t\t<\/span>\n\t\t\t\t\t\t\t\t\t<span class=\"elementor-button-text\">D\u00e9couvrir le service<\/span>\n\t\t\t\t\t<\/span>\n\t\t\t\t\t<\/a>\n\t\t\t\t\t\t\t\t<\/div>\n\t\t\t\t<\/div>\n\t\t<div class=\"elementor-element elementor-element-e471cc6 e-con-full e-flex e-con e-child\" data-id=\"e471cc6\" data-element_type=\"container\" data-e-type=\"container\" data-settings=\"{&quot;jet_parallax_layout_list&quot;:[],&quot;_ha_eqh_enable&quot;:false}\">\n\t\t\t\t<div class=\"elementor-element elementor-element-234fd7f elementor-widget elementor-widget-image\" data-id=\"234fd7f\" data-element_type=\"widget\" data-e-type=\"widget\" data-widget_type=\"image.default\">\n\t\t\t\t\t\t\t\t\t\t\t\t\t\t\t<img fetchpriority=\"high\" decoding=\"async\" width=\"550\" height=\"367\" src=\"https:\/\/www.francebikerentals.com\/wp-content\/uploads\/2025\/01\/FBR_images_services_luggage_transport_550x367px.jpg\" class=\"attachment-large size-large wp-image-6588\" alt=\"Service - Luggage transport\" \/>\t\t\t\t\t\t\t\t\t\t\t\t\t\t\t<\/div>\n\t\t\t\t<\/div>\n\t\t\t\t<\/div>\n\t\t\t\t\t<\/div>\n\t\t\t\t<\/div>\n\t\t<div class=\"elementor-element elementor-element-519e7a6 e-flex e-con-boxed e-con e-parent\" data-id=\"519e7a6\" data-element_type=\"container\" data-e-type=\"container\" data-settings=\"{&quot;jet_parallax_layout_list&quot;:[],&quot;_ha_eqh_enable&quot;:false}\">\n\t\t\t\t\t<div class=\"e-con-inner\">\n\t\t<div class=\"elementor-element elementor-element-aae6320 e-con-full e-flex e-con e-child\" data-id=\"aae6320\" data-element_type=\"container\" data-e-type=\"container\" data-settings=\"{&quot;jet_parallax_layout_list&quot;:[],&quot;_ha_eqh_enable&quot;:false}\">\n\t\t\t\t<div class=\"elementor-element elementor-element-3c1d0e5 titlered elementor-widget elementor-widget-heading\" data-id=\"3c1d0e5\" data-element_type=\"widget\" data-e-type=\"widget\" data-widget_type=\"heading.default\">\n\t\t\t\t\t<h2 class=\"elementor-heading-title elementor-size-default\"><img decoding=\"async\" src=\"https:\/\/www.francebikerentals.com\/wp-content\/uploads\/2024\/07\/traitrouge2.png\">Travel planner<\/h2>\t\t\t\t<\/div>\n\t\t\t\t<\/div>\n\t\t\t\t\t<\/div>\n\t\t\t\t<\/div>\n\t\t<div class=\"elementor-element elementor-element-7afdd60 e-flex e-con-boxed e-con e-parent\" data-id=\"7afdd60\" data-element_type=\"container\" data-e-type=\"container\" data-settings=\"{&quot;jet_parallax_layout_list&quot;:[],&quot;_ha_eqh_enable&quot;:false}\">\n\t\t\t\t\t<div class=\"e-con-inner\">\n\t\t<div class=\"elementor-element elementor-element-1201aeb e-con-full e-flex e-con e-child\" data-id=\"1201aeb\" data-element_type=\"container\" data-e-type=\"container\" data-settings=\"{&quot;jet_parallax_layout_list&quot;:[],&quot;_ha_eqh_enable&quot;:false}\">\n\t\t<div class=\"elementor-element elementor-element-8e7381c e-con-full e-flex e-con e-child\" data-id=\"8e7381c\" data-element_type=\"container\" data-e-type=\"container\" data-settings=\"{&quot;jet_parallax_layout_list&quot;:[],&quot;_ha_eqh_enable&quot;:false}\">\n\t\t\t\t<div class=\"elementor-element elementor-element-84677c3 elementor-widget elementor-widget-text-editor\" data-id=\"84677c3\" data-element_type=\"widget\" data-e-type=\"widget\" data-widget_type=\"text-editor.default\">\n\t\t\t\t\t\t\t\t\t<p>Planifiez votre aventure cycliste sur mesure.<\/p>\n<p><strong>Services inclus :<\/strong><br \/>Itin\u00e9raires personnalis\u00e9s, r\u00e9servations d\u2019h\u00e9bergements, conseils locaux.<\/p>\n\t\t\t\t\t\t\t\t<\/div>\n\t\t\t\t<div class=\"elementor-element elementor-element-451cf29 elementor-align-left elementor-tablet-align-justify elementor-widget elementor-widget-button\" data-id=\"451cf29\" data-element_type=\"widget\" data-e-type=\"widget\" data-widget_type=\"button.default\">\n\t\t\t\t\t\t\t\t\t\t<a class=\"elementor-button elementor-button-link elementor-size-sm\" href=\"https:\/\/travel.revedevelo.com\/\" target=\"_blank\">\n\t\t\t\t\t\t<span class=\"elementor-button-content-wrapper\">\n\t\t\t\t\t\t<span class=\"elementor-button-icon\">\n\t\t\t\t<svg aria-hidden=\"true\" class=\"e-font-icon-svg e-fas-arrow-right\" viewBox=\"0 0 448 512\" xmlns=\"http:\/\/www.w3.org\/2000\/svg\"><path d=\"M190.5 66.9l22.2-22.2c9.4-9.4 24.6-9.4 33.9 0L441 239c9.4 9.4 9.4 24.6 0 33.9L246.6 467.3c-9.4 9.4-24.6 9.4-33.9 0l-22.2-22.2c-9.5-9.5-9.3-25 .4-34.3L311.4 296H24c-13.3 0-24-10.7-24-24v-32c0-13.3 10.7-24 24-24h287.4L190.9 101.2c-9.8-9.3-10-24.8-.4-34.3z\"><\/path><\/svg>\t\t\t<\/span>\n\t\t\t\t\t\t\t\t\t<span class=\"elementor-button-text\">D\u00e9couvrir le service<\/span>\n\t\t\t\t\t<\/span>\n\t\t\t\t\t<\/a>\n\t\t\t\t\t\t\t\t<\/div>\n\t\t\t\t<\/div>\n\t\t<div class=\"elementor-element elementor-element-3128e7e e-con-full e-flex e-con e-child\" data-id=\"3128e7e\" data-element_type=\"container\" data-e-type=\"container\" data-settings=\"{&quot;jet_parallax_layout_list&quot;:[],&quot;_ha_eqh_enable&quot;:false}\">\n\t\t\t\t<div class=\"elementor-element elementor-element-760cea0 elementor-widget elementor-widget-image\" data-id=\"760cea0\" data-element_type=\"widget\" data-e-type=\"widget\" data-widget_type=\"image.default\">\n\t\t\t\t\t\t\t\t\t\t\t\t\t\t\t<img decoding=\"async\" width=\"550\" height=\"367\" src=\"https:\/\/www.francebikerentals.com\/wp-content\/uploads\/2025\/01\/FBR_images_services_travel_planner_550x367px.jpg\" class=\"attachment-large size-large wp-image-6586\" alt=\"Service - Travel planner\" \/>\t\t\t\t\t\t\t\t\t\t\t\t\t\t\t<\/div>\n\t\t\t\t<\/div>\n\t\t\t\t<\/div>\n\t\t\t\t\t<\/div>\n\t\t\t\t<\/div>\n\t\t<div class=\"elementor-element elementor-element-798fdd4 e-flex e-con-boxed e-con e-parent\" data-id=\"798fdd4\" data-element_type=\"container\" data-e-type=\"container\" data-settings=\"{&quot;jet_parallax_layout_list&quot;:[],&quot;_ha_eqh_enable&quot;:false}\">\n\t\t\t\t\t<div class=\"e-con-inner\">\n\t\t<div class=\"elementor-element elementor-element-763e7a2 e-con-full e-flex e-con e-child\" data-id=\"763e7a2\" data-element_type=\"container\" data-e-type=\"container\" data-settings=\"{&quot;jet_parallax_layout_list&quot;:[],&quot;_ha_eqh_enable&quot;:false}\">\n\t\t\t\t<div class=\"elementor-element elementor-element-647922d titlered elementor-widget elementor-widget-heading\" data-id=\"647922d\" data-element_type=\"widget\" data-e-type=\"widget\" data-widget_type=\"heading.default\">\n\t\t\t\t\t<h2 class=\"elementor-heading-title elementor-size-default\"><img decoding=\"async\" src=\"https:\/\/www.francebikerentals.com\/wp-content\/uploads\/2024\/07\/traitrouge2.png\">VIP Tour de France (forfaits exclusifs)<\/h2>\t\t\t\t<\/div>\n\t\t\t\t<\/div>\n\t\t\t\t\t<\/div>\n\t\t\t\t<\/div>\n\t\t<div class=\"elementor-element elementor-element-783b0f8 e-flex e-con-boxed e-con e-parent\" data-id=\"783b0f8\" data-element_type=\"container\" data-e-type=\"container\" data-settings=\"{&quot;jet_parallax_layout_list&quot;:[],&quot;_ha_eqh_enable&quot;:false}\">\n\t\t\t\t\t<div class=\"e-con-inner\">\n\t\t<div class=\"elementor-element elementor-element-a9f2122 e-con-full e-flex e-con e-child\" data-id=\"a9f2122\" data-element_type=\"container\" data-e-type=\"container\" data-settings=\"{&quot;jet_parallax_layout_list&quot;:[],&quot;_ha_eqh_enable&quot;:false}\">\n\t\t<div class=\"elementor-element elementor-element-86fa02a e-con-full e-flex e-con e-child\" data-id=\"86fa02a\" data-element_type=\"container\" data-e-type=\"container\" data-settings=\"{&quot;jet_parallax_layout_list&quot;:[],&quot;_ha_eqh_enable&quot;:false}\">\n\t\t\t\t<div class=\"elementor-element elementor-element-758798b elementor-widget elementor-widget-text-editor\" data-id=\"758798b\" data-element_type=\"widget\" data-e-type=\"widget\" data-widget_type=\"text-editor.default\">\n\t\t\t\t\t\t\t\t\t<p>Vivez le Tour de France de l\u2019int\u00e9rieur avec nos forfaits VIP.<\/p>\n<p><strong>Avantages :<\/strong><br \/>Acc\u00e8s exclusifs, exp\u00e9riences immersives.<\/p>\n\t\t\t\t\t\t\t\t<\/div>\n\t\t\t\t<div class=\"elementor-element elementor-element-9367d6c elementor-align-left elementor-tablet-align-justify elementor-widget elementor-widget-button\" data-id=\"9367d6c\" data-element_type=\"widget\" data-e-type=\"widget\" data-widget_type=\"button.default\">\n\t\t\t\t\t\t\t\t\t\t<a class=\"elementor-button elementor-button-link elementor-size-sm\" href=\"https:\/\/events.revedevelo.com\/espace-billet-vip-tour-de-france\/\" target=\"_blank\">\n\t\t\t\t\t\t<span class=\"elementor-button-content-wrapper\">\n\t\t\t\t\t\t<span class=\"elementor-button-icon\">\n\t\t\t\t<svg aria-hidden=\"true\" class=\"e-font-icon-svg e-fas-arrow-right\" viewBox=\"0 0 448 512\" xmlns=\"http:\/\/www.w3.org\/2000\/svg\"><path d=\"M190.5 66.9l22.2-22.2c9.4-9.4 24.6-9.4 33.9 0L441 239c9.4 9.4 9.4 24.6 0 33.9L246.6 467.3c-9.4 9.4-24.6 9.4-33.9 0l-22.2-22.2c-9.5-9.5-9.3-25 .4-34.3L311.4 296H24c-13.3 0-24-10.7-24-24v-32c0-13.3 10.7-24 24-24h287.4L190.9 101.2c-9.8-9.3-10-24.8-.4-34.3z\"><\/path><\/svg>\t\t\t<\/span>\n\t\t\t\t\t\t\t\t\t<span class=\"elementor-button-text\">D\u00e9couvrir le service<\/span>\n\t\t\t\t\t<\/span>\n\t\t\t\t\t<\/a>\n\t\t\t\t\t\t\t\t<\/div>\n\t\t\t\t<\/div>\n\t\t<div class=\"elementor-element elementor-element-50c5a56 e-con-full e-flex e-con e-child\" data-id=\"50c5a56\" data-element_type=\"container\" data-e-type=\"container\" data-settings=\"{&quot;jet_parallax_layout_list&quot;:[],&quot;_ha_eqh_enable&quot;:false}\">\n\t\t\t\t<div class=\"elementor-element elementor-element-139891a elementor-widget elementor-widget-image\" data-id=\"139891a\" data-element_type=\"widget\" data-e-type=\"widget\" data-widget_type=\"image.default\">\n\t\t\t\t\t\t\t\t\t\t\t\t\t\t\t<img decoding=\"async\" width=\"550\" height=\"367\" src=\"https:\/\/www.francebikerentals.com\/wp-content\/uploads\/2025\/01\/FBR_images_services_VIP_tour_de_france_550x367px.jpg\" class=\"attachment-large size-large wp-image-6584\" alt=\"Service - VIP Tour de France\" \/>\t\t\t\t\t\t\t\t\t\t\t\t\t\t\t<\/div>\n\t\t\t\t<\/div>\n\t\t\t\t<\/div>\n\t\t\t\t\t<\/div>\n\t\t\t\t<\/div>\n\t\t<div class=\"elementor-element elementor-element-7d8d760 e-flex e-con-boxed e-con e-parent\" data-id=\"7d8d760\" data-element_type=\"container\" data-e-type=\"container\" data-settings=\"{&quot;jet_parallax_layout_list&quot;:[],&quot;_ha_eqh_enable&quot;:false}\">\n\t\t\t\t\t<div class=\"e-con-inner\">\n\t\t\t\t<div class=\"elementor-element elementor-element-35002cf elementor-widget elementor-widget-spacer\" data-id=\"35002cf\" data-element_type=\"widget\" data-e-type=\"widget\" data-widget_type=\"spacer.default\">\n\t\t\t\t\t\t\t<div class=\"elementor-spacer\">\n\t\t\t<div class=\"elementor-spacer-inner\"><\/div>\n\t\t<\/div>\n\t\t\t\t\t\t<\/div>\n\t\t\t\t\t<\/div>\n\t\t\t\t<\/div>\n\t\t\t\t<\/div>\n\t\t","protected":false},"excerpt":{"rendered":"<p>Bien plus que la location de v\u00e9los : profitez de voyages sans souci avec transport de bagages, planification de tours et forfaits VIP Tour de France.<\/p>\n","protected":false},"author":5,"featured_media":0,"parent":3173,"menu_order":0,"comment_status":"closed","ping_status":"closed","template":"","meta":{"footnotes":""},"class_list":["post-6597","page","type-page","status-publish","hentry"],"yoast_head":"<!-- This site is optimized with the Yoast SEO Premium plugin v22.9 (Yoast SEO v27.5) - https:\/\/yoast.com\/product\/yoast-seo-premium-wordpress\/ -->\n<title>S\u00e9jours \u00e0 v\u00e9lo et exp\u00e9riences VIP - France Bike Rental<\/title>\n<meta name=\"description\" content=\"Bien plus que la location de v\u00e9los : profitez de voyages sans souci avec transport de bagages, planification de tours et forfaits VIP Tour de France. Bien plus que la location de v\u00e9los : profitez de voyages sans souci avec transport de bagages, planification de tours et forfaits VIP Tour de France.\" \/>\n<meta name=\"robots\" content=\"index, follow, max-snippet:-1, max-image-preview:large, max-video-preview:-1\" \/>\n<link rel=\"canonical\" href=\"https:\/\/www.francebikerentals.com\/services\/cycling-holidays-and-vip-experiences\/\" \/>\n<meta property=\"og:locale\" content=\"fr_FR\" \/>\n<meta property=\"og:type\" content=\"article\" \/>\n<meta property=\"og:title\" content=\"S\u00e9jours \u00e0 v\u00e9lo et exp\u00e9riences VIP\" \/>\n<meta property=\"og:description\" content=\"Bien plus que la location de v\u00e9los : profitez de voyages sans souci avec transport de bagages, planification de tours et forfaits VIP Tour de France. Bien plus que la location de v\u00e9los : profitez de voyages sans souci avec transport de bagages, planification de tours et forfaits VIP Tour de France.\" \/>\n<meta property=\"og:url\" content=\"https:\/\/www.francebikerentals.com\/services\/cycling-holidays-and-vip-experiences\/\" \/>\n<meta property=\"og:site_name\" content=\"France Bike Rental\" \/>\n<meta property=\"article:modified_time\" content=\"2025-03-10T15:04:19+00:00\" \/>\n<meta property=\"og:image\" content=\"https:\/\/www.francebikerentals.com\/wp-content\/uploads\/2024\/07\/traitrouge2.png\" \/>\n<meta name=\"twitter:card\" content=\"summary_large_image\" \/>\n<script type=\"application\/ld+json\" class=\"yoast-schema-graph\">{\"@context\":\"https:\\\/\\\/schema.org\",\"@graph\":[{\"@type\":\"WebPage\",\"@id\":\"https:\\\/\\\/www.francebikerentals.com\\\/services\\\/cycling-holidays-and-vip-experiences\\\/\",\"url\":\"https:\\\/\\\/www.francebikerentals.com\\\/services\\\/cycling-holidays-and-vip-experiences\\\/\",\"name\":\"S\u00e9jours \u00e0 v\u00e9lo et exp\u00e9riences VIP - France Bike Rental\",\"isPartOf\":{\"@id\":\"https:\\\/\\\/www.francebikerentals.com\\\/#website\"},\"primaryImageOfPage\":{\"@id\":\"https:\\\/\\\/www.francebikerentals.com\\\/services\\\/cycling-holidays-and-vip-experiences\\\/#primaryimage\"},\"image\":{\"@id\":\"https:\\\/\\\/www.francebikerentals.com\\\/services\\\/cycling-holidays-and-vip-experiences\\\/#primaryimage\"},\"thumbnailUrl\":\"https:\\\/\\\/www.francebikerentals.com\\\/wp-content\\\/uploads\\\/2024\\\/07\\\/traitrouge2.png\",\"datePublished\":\"2025-01-27T11:02:57+00:00\",\"dateModified\":\"2025-03-10T15:04:19+00:00\",\"description\":\"Bien plus que la location de v\u00e9los : profitez de voyages sans souci avec transport de bagages, planification de tours et forfaits VIP Tour de France. Bien plus que la location de v\u00e9los : profitez de voyages sans souci avec transport de bagages, planification de tours et forfaits VIP Tour de France.\",\"breadcrumb\":{\"@id\":\"https:\\\/\\\/www.francebikerentals.com\\\/services\\\/cycling-holidays-and-vip-experiences\\\/#breadcrumb\"},\"inLanguage\":\"fr-FR\",\"potentialAction\":[{\"@type\":\"ReadAction\",\"target\":[\"https:\\\/\\\/www.francebikerentals.com\\\/services\\\/cycling-holidays-and-vip-experiences\\\/\"]}]},{\"@type\":\"ImageObject\",\"inLanguage\":\"fr-FR\",\"@id\":\"https:\\\/\\\/www.francebikerentals.com\\\/services\\\/cycling-holidays-and-vip-experiences\\\/#primaryimage\",\"url\":\"https:\\\/\\\/www.francebikerentals.com\\\/wp-content\\\/uploads\\\/2024\\\/07\\\/traitrouge2.png\",\"contentUrl\":\"https:\\\/\\\/www.francebikerentals.com\\\/wp-content\\\/uploads\\\/2024\\\/07\\\/traitrouge2.png\"},{\"@type\":\"BreadcrumbList\",\"@id\":\"https:\\\/\\\/www.francebikerentals.com\\\/services\\\/cycling-holidays-and-vip-experiences\\\/#breadcrumb\",\"itemListElement\":[{\"@type\":\"ListItem\",\"position\":1,\"name\":\"Accueil\",\"item\":\"https:\\\/\\\/www.francebikerentals.com\\\/\"},{\"@type\":\"ListItem\",\"position\":2,\"name\":\"Services\",\"item\":\"https:\\\/\\\/www.francebikerentals.com\\\/services\\\/\"},{\"@type\":\"ListItem\",\"position\":3,\"name\":\"S\u00e9jours \u00e0 v\u00e9lo et exp\u00e9riences VIP\"}]},{\"@type\":\"WebSite\",\"@id\":\"https:\\\/\\\/www.francebikerentals.com\\\/#website\",\"url\":\"https:\\\/\\\/www.francebikerentals.com\\\/\",\"name\":\"France Bike Rental\",\"description\":\"Your bike rental company\",\"publisher\":{\"@id\":\"https:\\\/\\\/www.francebikerentals.com\\\/#organization\"},\"potentialAction\":[{\"@type\":\"SearchAction\",\"target\":{\"@type\":\"EntryPoint\",\"urlTemplate\":\"https:\\\/\\\/www.francebikerentals.com\\\/?s={search_term_string}\"},\"query-input\":{\"@type\":\"PropertyValueSpecification\",\"valueRequired\":true,\"valueName\":\"search_term_string\"}}],\"inLanguage\":\"fr-FR\"},{\"@type\":\"Organization\",\"@id\":\"https:\\\/\\\/www.francebikerentals.com\\\/#organization\",\"name\":\"France Bike Rentals\",\"url\":\"https:\\\/\\\/www.francebikerentals.com\\\/\",\"logo\":{\"@type\":\"ImageObject\",\"inLanguage\":\"fr-FR\",\"@id\":\"https:\\\/\\\/www.francebikerentals.com\\\/#\\\/schema\\\/logo\\\/image\\\/\",\"url\":\"https:\\\/\\\/www.francebikerentals.com\\\/wp-content\\\/uploads\\\/2024\\\/07\\\/cropped-FBR_icon_512x512px.png\",\"contentUrl\":\"https:\\\/\\\/www.francebikerentals.com\\\/wp-content\\\/uploads\\\/2024\\\/07\\\/cropped-FBR_icon_512x512px.png\",\"width\":512,\"height\":512,\"caption\":\"France Bike Rentals\"},\"image\":{\"@id\":\"https:\\\/\\\/www.francebikerentals.com\\\/#\\\/schema\\\/logo\\\/image\\\/\"}}]}<\/script>\n<!-- \/ Yoast SEO Premium plugin. -->","yoast_head_json":{"title":"S\u00e9jours \u00e0 v\u00e9lo et exp\u00e9riences VIP - France Bike Rental","description":"Bien plus que la location de v\u00e9los : profitez de voyages sans souci avec transport de bagages, planification de tours et forfaits VIP Tour de France. Bien plus que la location de v\u00e9los : profitez de voyages sans souci avec transport de bagages, planification de tours et forfaits VIP Tour de France.","robots":{"index":"index","follow":"follow","max-snippet":"max-snippet:-1","max-image-preview":"max-image-preview:large","max-video-preview":"max-video-preview:-1"},"canonical":"https:\/\/www.francebikerentals.com\/services\/cycling-holidays-and-vip-experiences\/","og_locale":"fr_FR","og_type":"article","og_title":"S\u00e9jours \u00e0 v\u00e9lo et exp\u00e9riences VIP","og_description":"Bien plus que la location de v\u00e9los : profitez de voyages sans souci avec transport de bagages, planification de tours et forfaits VIP Tour de France. Bien plus que la location de v\u00e9los : profitez de voyages sans souci avec transport de bagages, planification de tours et forfaits VIP Tour de France.","og_url":"https:\/\/www.francebikerentals.com\/services\/cycling-holidays-and-vip-experiences\/","og_site_name":"France Bike Rental","article_modified_time":"2025-03-10T15:04:19+00:00","og_image":[{"url":"https:\/\/www.francebikerentals.com\/wp-content\/uploads\/2024\/07\/traitrouge2.png","type":"","width":"","height":""}],"twitter_card":"summary_large_image","schema":{"@context":"https:\/\/schema.org","@graph":[{"@type":"WebPage","@id":"https:\/\/www.francebikerentals.com\/services\/cycling-holidays-and-vip-experiences\/","url":"https:\/\/www.francebikerentals.com\/services\/cycling-holidays-and-vip-experiences\/","name":"S\u00e9jours \u00e0 v\u00e9lo et exp\u00e9riences VIP - France Bike Rental","isPartOf":{"@id":"https:\/\/www.francebikerentals.com\/#website"},"primaryImageOfPage":{"@id":"https:\/\/www.francebikerentals.com\/services\/cycling-holidays-and-vip-experiences\/#primaryimage"},"image":{"@id":"https:\/\/www.francebikerentals.com\/services\/cycling-holidays-and-vip-experiences\/#primaryimage"},"thumbnailUrl":"https:\/\/www.francebikerentals.com\/wp-content\/uploads\/2024\/07\/traitrouge2.png","datePublished":"2025-01-27T11:02:57+00:00","dateModified":"2025-03-10T15:04:19+00:00","description":"Bien plus que la location de v\u00e9los : profitez de voyages sans souci avec transport de bagages, planification de tours et forfaits VIP Tour de France. Bien plus que la location de v\u00e9los : profitez de voyages sans souci avec transport de bagages, planification de tours et forfaits VIP Tour de France.","breadcrumb":{"@id":"https:\/\/www.francebikerentals.com\/services\/cycling-holidays-and-vip-experiences\/#breadcrumb"},"inLanguage":"fr-FR","potentialAction":[{"@type":"ReadAction","target":["https:\/\/www.francebikerentals.com\/services\/cycling-holidays-and-vip-experiences\/"]}]},{"@type":"ImageObject","inLanguage":"fr-FR","@id":"https:\/\/www.francebikerentals.com\/services\/cycling-holidays-and-vip-experiences\/#primaryimage","url":"https:\/\/www.francebikerentals.com\/wp-content\/uploads\/2024\/07\/traitrouge2.png","contentUrl":"https:\/\/www.francebikerentals.com\/wp-content\/uploads\/2024\/07\/traitrouge2.png"},{"@type":"BreadcrumbList","@id":"https:\/\/www.francebikerentals.com\/services\/cycling-holidays-and-vip-experiences\/#breadcrumb","itemListElement":[{"@type":"ListItem","position":1,"name":"Accueil","item":"https:\/\/www.francebikerentals.com\/"},{"@type":"ListItem","position":2,"name":"Services","item":"https:\/\/www.francebikerentals.com\/services\/"},{"@type":"ListItem","position":3,"name":"S\u00e9jours \u00e0 v\u00e9lo et exp\u00e9riences VIP"}]},{"@type":"WebSite","@id":"https:\/\/www.francebikerentals.com\/#website","url":"https:\/\/www.francebikerentals.com\/","name":"France Bike Rental","description":"Your bike rental company","publisher":{"@id":"https:\/\/www.francebikerentals.com\/#organization"},"potentialAction":[{"@type":"SearchAction","target":{"@type":"EntryPoint","urlTemplate":"https:\/\/www.francebikerentals.com\/?s={search_term_string}"},"query-input":{"@type":"PropertyValueSpecification","valueRequired":true,"valueName":"search_term_string"}}],"inLanguage":"fr-FR"},{"@type":"Organization","@id":"https:\/\/www.francebikerentals.com\/#organization","name":"France Bike Rentals","url":"https:\/\/www.francebikerentals.com\/","logo":{"@type":"ImageObject","inLanguage":"fr-FR","@id":"https:\/\/www.francebikerentals.com\/#\/schema\/logo\/image\/","url":"https:\/\/www.francebikerentals.com\/wp-content\/uploads\/2024\/07\/cropped-FBR_icon_512x512px.png","contentUrl":"https:\/\/www.francebikerentals.com\/wp-content\/uploads\/2024\/07\/cropped-FBR_icon_512x512px.png","width":512,"height":512,"caption":"France Bike Rentals"},"image":{"@id":"https:\/\/www.francebikerentals.com\/#\/schema\/logo\/image\/"}}]}},"_links":{"self":[{"href":"https:\/\/www.francebikerentals.com\/fr\/wp-json\/wp\/v2\/pages\/6597","targetHints":{"allow":["GET"]}}],"collection":[{"href":"https:\/\/www.francebikerentals.com\/fr\/wp-json\/wp\/v2\/pages"}],"about":[{"href":"https:\/\/www.francebikerentals.com\/fr\/wp-json\/wp\/v2\/types\/page"}],"author":[{"embeddable":true,"href":"https:\/\/www.francebikerentals.com\/fr\/wp-json\/wp\/v2\/users\/5"}],"replies":[{"embeddable":true,"href":"https:\/\/www.francebikerentals.com\/fr\/wp-json\/wp\/v2\/comments?post=6597"}],"version-history":[{"count":16,"href":"https:\/\/www.francebikerentals.com\/fr\/wp-json\/wp\/v2\/pages\/6597\/revisions"}],"predecessor-version":[{"id":6958,"href":"https:\/\/www.francebikerentals.com\/fr\/wp-json\/wp\/v2\/pages\/6597\/revisions\/6958"}],"up":[{"embeddable":true,"href":"https:\/\/www.francebikerentals.com\/fr\/wp-json\/wp\/v2\/pages\/3173"}],"wp:attachment":[{"href":"https:\/\/www.francebikerentals.com\/fr\/wp-json\/wp\/v2\/media?parent=6597"}],"curies":[{"name":"wp","href":"https:\/\/api.w.org\/{rel}","templated":true}]}}